{"id":2957,"date":"2018-02-19T12:11:19","date_gmt":"2018-02-19T11:11:19","guid":{"rendered":"https:\/\/das-dokumentarische.blogs.ruhr-uni-bochum.de\/?post_type=tribe_events&#038;p=2957"},"modified":"2020-03-30T15:21:25","modified_gmt":"2020-03-30T13:21:25","slug":"affirmierte-apokalypse-dokumentation-und-dark-media-theory-intern","status":"publish","type":"tribe_events","link":"https:\/\/das-dokumentarische.blogs.ruhr-uni-bochum.de\/en\/calendar\/affirmierte-apokalypse-dokumentation-und-dark-media-theory-intern\/","title":{"rendered":"Affirmierte Apokalypse: Dokumentation und Dark Media Theory [INTERN]"},"content":{"rendered":"<p>Dass man sich das Ende der Welt eher vorstellen k\u00f6nne, als das Ende des Kapitalismus, diagnostizierte der Kulturtheoretiker Mark Fisher.<br \/>\nDiese These hat sich in die technopolitische Position einer \u201eDark-Media-Theory\u201c (Eugene Thacker) eingeschrieben. Unter dieser kann man sich eine Sammlung von Positionen vorstellen, die zum einen von der Annahme der Alternativlosigkeit des Kapitalismus ausgeht und zum anderen ein katastrophisches Krisenpotential affirmiert. Im Weiteren ist damit ebenso eine auf einer ontologischen Basis operierende Medientheorie angesprochen, die sich der Frage verschrieben hat, \u201aOb \u00fcberhaupt Information existiert und nicht vielmehr nur Rauschen.\u2019 Das kybernetische Kommunikationsdiagramm wird hier au\u00dfer Kraft gesetzt und sich die Frage der Vermittlung anders gestellt. Diese sich im \u201eDunkeln\u201c, Okkulten und im Horror verortende Theorie hat in letzter Zeit massiv Anschluss gefunden an Positionen wie unter anderem: Silicon Valley Ideology (Elon Musk, Peter Thiel), Big Data, Transhumanismus (Ray Kurzweil), dem sog. Dark Enlightment, die sich auch NRX (Neoreaction) nennen (Nick Land, Curtis Yarvin). Gerade eine Position, die sich als gegen-aufkl\u00e4rerisch bzw. verdunkelnd begreift und sich dezidiert als \u201aintellektuelle\u2019 inszeniert, k\u00f6nnte man als einen beunruhigenden Beitrag zum Diskurs um \u201aalternative truth\u2019 und das Post-faktische begreifen. Denn hier, so k\u00f6nnte man es pointieren, geht es um eine Theorie der \u201aPost-Information\u2019.<br \/>\nWie l\u00e4sst sich dieser Komplex, der sich gern als Gegen\u00f6ffentlichkeit oder gar als counter-enlightment begreift und einen \u201eneuen Realismus\u201c f\u00fcr sich beansprucht von einer nicht affirmativen Auseinandersetzung mit dem (technopolitischen) Dokumentarischen abgrenzen? Wie ist ein im Weiteren zu definierendes Gegendokumentarisches von dieser fatalistischen und nihilistischen Position eines \u201aEs ist so gewesen\u2019 produktiv und in Absetzung vom reaktion\u00e4ren Potenzial des \u201aGegen-\u2019 zu entwickeln? Denn es handelt sich hierbei nicht blo\u00df um esoterische Zirkel oder Diskurse superreicher Silicon Valley Enklaven.<br \/>\nIm Workshop sollen diese verschiedenen Fragen einer \u201eDark-Media-Theory\u201c f\u00fcr das Dokumentarische diskutiert werden: In welchen medien\u00e4sthetischen Verfahren visualisiert sich dieser dunkle Counter-Dokumentarismus? (Unter diesem Schlagwort soll die Frage des Dark-Enlightments f\u00fcr das Dokumentarische diskutiert werden, um es vom Gegendokumentarischen abzugrenzen) Wo lassen sich historische Vorl\u00e4ufer dieser Positionen finden? (Etwa die Konservative Revolution, die Kybernetik, der Cyberpunk) L\u00e4sst sich eine (Medien-)wissenschaftlich orientierte Auseinandersetzung mit den Kernthesen der \u201eDark-Media-Theory\u201c erarbeiten, die sich nicht an nihilistische Praktiken und an einer Entfesselungsthese der Technologie orientiert?<\/p>\n<p>Impulsvortr\u00e4ge seitens des Kollegs und unserer G\u00e4ste mit abschlie\u00dfender Diskussion der Beitr\u00e4ge.<\/p>\n<p>Vortragende: Prof. Dr. Friedrich Balke, Dr. des. Maren Haffke, Felix H\u00fcttemann M.A. Ruhr-Universit\u00e4t Bochum Graduiertenkolleg &#8216;Das Dokumentarische. Exzess und Entzug&#8217;<\/p>\n<p>G\u00e4ste: Laura Hille, M.A. (ICAM\/DCRL), Christian Voller, M.A. (ICAM), Christoph G\u00f6rlich, M.A. (ICAM) Leuphana Universit\u00e4t L\u00fcneburg<\/p>\n","protected":false},"excerpt":{"rendered":"<p>Dass man sich das Ende der Welt eher vorstellen k\u00f6nne, als das Ende des Kapitalismus, diagnostizierte der Kulturtheoretiker Mark Fisher.<\/p>\n","protected":false},"author":10,"featured_media":2963,"template":"","meta":{"colormag_page_container_layout":"default_layout","colormag_page_sidebar_layout":"default_layout","_uag_custom_page_level_css":"","ngg_post_thumbnail":0,"_tribe_events_status":"","_tribe_events_status_reason":"","footnotes":""},"tags":[],"tribe_events_cat":[],"class_list":["post-2957","tribe_events","type-tribe_events","status-publish","has-post-thumbnail","hentry"],"translation":{"provider":"WPGlobus","version":"3.0.2","language":"en","enabled_languages":["de","en"],"languages":{"de":{"title":true,"content":true,"excerpt":false},"en":{"title":false,"content":false,"excerpt":false}}},"yoast_head":"<!-- This site is optimized with the Yoast SEO plugin v27.5 - https:\/\/yoast.com\/product\/yoast-seo-wordpress\/ -->\n<title>Affirmierte Apokalypse: Dokumentation und Dark Media Theory [INTERN] - GRK Das Dokumentarische. Exzess und Entzug<\/title>\n<meta name=\"robots\" content=\"index, follow, max-snippet:-1, max-image-preview:large, max-video-preview:-1\" \/>\n<link rel=\"canonical\" href=\"https:\/\/das-dokumentarische.blogs.ruhr-uni-bochum.de\/calendar\/affirmierte-apokalypse-dokumentation-und-dark-media-theory-intern\/\" \/>\n<meta property=\"og:locale\" content=\"en_US\" \/>\n<meta property=\"og:type\" content=\"article\" \/>\n<meta property=\"og:title\" content=\"Affirmierte Apokalypse: Dokumentation und Dark Media Theory [INTERN] - GRK Das Dokumentarische. Exzess und Entzug\" \/>\n<meta property=\"og:url\" content=\"https:\/\/das-dokumentarische.blogs.ruhr-uni-bochum.de\/calendar\/affirmierte-apokalypse-dokumentation-und-dark-media-theory-intern\/\" \/>\n<meta property=\"og:site_name\" content=\"GRK Das Dokumentarische. Exzess und Entzug\" \/>\n<meta property=\"article:modified_time\" content=\"2020-03-30T13:21:25+00:00\" \/>\n<meta property=\"og:image\" content=\"https:\/\/das-dokumentarische.blogs.ruhr-uni-bochum.de\/wp-content\/uploads\/2018\/02\/Seiten-aus-LAND-N-Fanged-Noumena_-Collected-Writings-1987-2007-2.jpg\" \/>\n\t<meta property=\"og:image:width\" content=\"2657\" \/>\n\t<meta property=\"og:image:height\" content=\"2846\" \/>\n\t<meta property=\"og:image:type\" content=\"image\/jpeg\" \/>\n<meta name=\"twitter:card\" content=\"summary_large_image\" \/>\n<meta name=\"twitter:label1\" content=\"Est. reading time\" \/>\n\t<meta name=\"twitter:data1\" content=\"2 minutes\" \/>\n<script type=\"application\/ld+json\" class=\"yoast-schema-graph\">{\"@context\":\"https:\\\/\\\/schema.org\",\"@graph\":[{\"@type\":\"WebPage\",\"@id\":\"https:\\\/\\\/das-dokumentarische.blogs.ruhr-uni-bochum.de\\\/calendar\\\/affirmierte-apokalypse-dokumentation-und-dark-media-theory-intern\\\/\",\"url\":\"https:\\\/\\\/das-dokumentarische.blogs.ruhr-uni-bochum.de\\\/calendar\\\/affirmierte-apokalypse-dokumentation-und-dark-media-theory-intern\\\/\",\"name\":\"Affirmierte Apokalypse: Dokumentation und Dark Media Theory [INTERN] - GRK Das Dokumentarische. Exzess und Entzug\",\"isPartOf\":{\"@id\":\"https:\\\/\\\/das-dokumentarische.blogs.ruhr-uni-bochum.de\\\/en\\\/#website\"},\"primaryImageOfPage\":{\"@id\":\"https:\\\/\\\/das-dokumentarische.blogs.ruhr-uni-bochum.de\\\/calendar\\\/affirmierte-apokalypse-dokumentation-und-dark-media-theory-intern\\\/#primaryimage\"},\"image\":{\"@id\":\"https:\\\/\\\/das-dokumentarische.blogs.ruhr-uni-bochum.de\\\/calendar\\\/affirmierte-apokalypse-dokumentation-und-dark-media-theory-intern\\\/#primaryimage\"},\"thumbnailUrl\":\"https:\\\/\\\/das-dokumentarische.blogs.ruhr-uni-bochum.de\\\/wp-content\\\/uploads\\\/2018\\\/02\\\/Seiten-aus-LAND-N-Fanged-Noumena_-Collected-Writings-1987-2007-2.jpg\",\"datePublished\":\"2018-02-19T11:11:19+00:00\",\"dateModified\":\"2020-03-30T13:21:25+00:00\",\"breadcrumb\":{\"@id\":\"https:\\\/\\\/das-dokumentarische.blogs.ruhr-uni-bochum.de\\\/calendar\\\/affirmierte-apokalypse-dokumentation-und-dark-media-theory-intern\\\/#breadcrumb\"},\"inLanguage\":\"en-US\",\"potentialAction\":[{\"@type\":\"ReadAction\",\"target\":[\"https:\\\/\\\/das-dokumentarische.blogs.ruhr-uni-bochum.de\\\/calendar\\\/affirmierte-apokalypse-dokumentation-und-dark-media-theory-intern\\\/\"]}]},{\"@type\":\"ImageObject\",\"inLanguage\":\"en-US\",\"@id\":\"https:\\\/\\\/das-dokumentarische.blogs.ruhr-uni-bochum.de\\\/calendar\\\/affirmierte-apokalypse-dokumentation-und-dark-media-theory-intern\\\/#primaryimage\",\"url\":\"https:\\\/\\\/das-dokumentarische.blogs.ruhr-uni-bochum.de\\\/wp-content\\\/uploads\\\/2018\\\/02\\\/Seiten-aus-LAND-N-Fanged-Noumena_-Collected-Writings-1987-2007-2.jpg\",\"contentUrl\":\"https:\\\/\\\/das-dokumentarische.blogs.ruhr-uni-bochum.de\\\/wp-content\\\/uploads\\\/2018\\\/02\\\/Seiten-aus-LAND-N-Fanged-Noumena_-Collected-Writings-1987-2007-2.jpg\",\"width\":2657,\"height\":2846},{\"@type\":\"BreadcrumbList\",\"@id\":\"https:\\\/\\\/das-dokumentarische.blogs.ruhr-uni-bochum.de\\\/calendar\\\/affirmierte-apokalypse-dokumentation-und-dark-media-theory-intern\\\/#breadcrumb\",\"itemListElement\":[{\"@type\":\"ListItem\",\"position\":1,\"name\":\"Startseite\",\"item\":\"https:\\\/\\\/das-dokumentarische.blogs.ruhr-uni-bochum.de\\\/en\\\/\"},{\"@type\":\"ListItem\",\"position\":2,\"name\":\"Veranstaltungen\",\"item\":\"https:\\\/\\\/das-dokumentarische.blogs.ruhr-uni-bochum.de\\\/calendar\\\/\"},{\"@type\":\"ListItem\",\"position\":3,\"name\":\"Affirmierte Apokalypse: Dokumentation und Dark Media Theory [INTERN]\"}]},{\"@type\":\"WebSite\",\"@id\":\"https:\\\/\\\/das-dokumentarische.blogs.ruhr-uni-bochum.de\\\/en\\\/#website\",\"url\":\"https:\\\/\\\/das-dokumentarische.blogs.ruhr-uni-bochum.de\\\/en\\\/\",\"name\":\"GRK Das Dokumentarische. Exzess und Entzug\",\"description\":\"\",\"potentialAction\":[{\"@type\":\"SearchAction\",\"target\":{\"@type\":\"EntryPoint\",\"urlTemplate\":\"https:\\\/\\\/das-dokumentarische.blogs.ruhr-uni-bochum.de\\\/en\\\/?s={search_term_string}\"},\"query-input\":{\"@type\":\"PropertyValueSpecification\",\"valueRequired\":true,\"valueName\":\"search_term_string\"}}],\"inLanguage\":\"en-US\"}]}<\/script>\n<!-- \/ Yoast SEO plugin. -->","yoast_head_json":{"title":"Affirmierte Apokalypse: Dokumentation und Dark Media Theory [INTERN] - GRK Das Dokumentarische. Exzess und Entzug","robots":{"index":"index","follow":"follow","max-snippet":"max-snippet:-1","max-image-preview":"max-image-preview:large","max-video-preview":"max-video-preview:-1"},"canonical":"https:\/\/das-dokumentarische.blogs.ruhr-uni-bochum.de\/calendar\/affirmierte-apokalypse-dokumentation-und-dark-media-theory-intern\/","og_locale":"en_US","og_type":"article","og_title":"Affirmierte Apokalypse: Dokumentation und Dark Media Theory [INTERN] - GRK Das Dokumentarische. Exzess und Entzug","og_url":"https:\/\/das-dokumentarische.blogs.ruhr-uni-bochum.de\/calendar\/affirmierte-apokalypse-dokumentation-und-dark-media-theory-intern\/","og_site_name":"GRK Das Dokumentarische. Exzess und Entzug","article_modified_time":"2020-03-30T13:21:25+00:00","og_image":[{"width":2657,"height":2846,"url":"https:\/\/das-dokumentarische.blogs.ruhr-uni-bochum.de\/wp-content\/uploads\/2018\/02\/Seiten-aus-LAND-N-Fanged-Noumena_-Collected-Writings-1987-2007-2.jpg","type":"image\/jpeg"}],"twitter_card":"summary_large_image","twitter_misc":{"Est. reading time":"2 minutes"},"schema":{"@context":"https:\/\/schema.org","@graph":[{"@type":"WebPage","@id":"https:\/\/das-dokumentarische.blogs.ruhr-uni-bochum.de\/calendar\/affirmierte-apokalypse-dokumentation-und-dark-media-theory-intern\/","url":"https:\/\/das-dokumentarische.blogs.ruhr-uni-bochum.de\/calendar\/affirmierte-apokalypse-dokumentation-und-dark-media-theory-intern\/","name":"Affirmierte Apokalypse: Dokumentation und Dark Media Theory [INTERN] - GRK Das Dokumentarische. Exzess und Entzug","isPartOf":{"@id":"https:\/\/das-dokumentarische.blogs.ruhr-uni-bochum.de\/en\/#website"},"primaryImageOfPage":{"@id":"https:\/\/das-dokumentarische.blogs.ruhr-uni-bochum.de\/calendar\/affirmierte-apokalypse-dokumentation-und-dark-media-theory-intern\/#primaryimage"},"image":{"@id":"https:\/\/das-dokumentarische.blogs.ruhr-uni-bochum.de\/calendar\/affirmierte-apokalypse-dokumentation-und-dark-media-theory-intern\/#primaryimage"},"thumbnailUrl":"https:\/\/das-dokumentarische.blogs.ruhr-uni-bochum.de\/wp-content\/uploads\/2018\/02\/Seiten-aus-LAND-N-Fanged-Noumena_-Collected-Writings-1987-2007-2.jpg","datePublished":"2018-02-19T11:11:19+00:00","dateModified":"2020-03-30T13:21:25+00:00","breadcrumb":{"@id":"https:\/\/das-dokumentarische.blogs.ruhr-uni-bochum.de\/calendar\/affirmierte-apokalypse-dokumentation-und-dark-media-theory-intern\/#breadcrumb"},"inLanguage":"en-US","potentialAction":[{"@type":"ReadAction","target":["https:\/\/das-dokumentarische.blogs.ruhr-uni-bochum.de\/calendar\/affirmierte-apokalypse-dokumentation-und-dark-media-theory-intern\/"]}]},{"@type":"ImageObject","inLanguage":"en-US","@id":"https:\/\/das-dokumentarische.blogs.ruhr-uni-bochum.de\/calendar\/affirmierte-apokalypse-dokumentation-und-dark-media-theory-intern\/#primaryimage","url":"https:\/\/das-dokumentarische.blogs.ruhr-uni-bochum.de\/wp-content\/uploads\/2018\/02\/Seiten-aus-LAND-N-Fanged-Noumena_-Collected-Writings-1987-2007-2.jpg","contentUrl":"https:\/\/das-dokumentarische.blogs.ruhr-uni-bochum.de\/wp-content\/uploads\/2018\/02\/Seiten-aus-LAND-N-Fanged-Noumena_-Collected-Writings-1987-2007-2.jpg","width":2657,"height":2846},{"@type":"BreadcrumbList","@id":"https:\/\/das-dokumentarische.blogs.ruhr-uni-bochum.de\/calendar\/affirmierte-apokalypse-dokumentation-und-dark-media-theory-intern\/#breadcrumb","itemListElement":[{"@type":"ListItem","position":1,"name":"Startseite","item":"https:\/\/das-dokumentarische.blogs.ruhr-uni-bochum.de\/en\/"},{"@type":"ListItem","position":2,"name":"Veranstaltungen","item":"https:\/\/das-dokumentarische.blogs.ruhr-uni-bochum.de\/calendar\/"},{"@type":"ListItem","position":3,"name":"Affirmierte Apokalypse: Dokumentation und Dark Media Theory [INTERN]"}]},{"@type":"WebSite","@id":"https:\/\/das-dokumentarische.blogs.ruhr-uni-bochum.de\/en\/#website","url":"https:\/\/das-dokumentarische.blogs.ruhr-uni-bochum.de\/en\/","name":"GRK Das Dokumentarische. Exzess und Entzug","description":"","potentialAction":[{"@type":"SearchAction","target":{"@type":"EntryPoint","urlTemplate":"https:\/\/das-dokumentarische.blogs.ruhr-uni-bochum.de\/en\/?s={search_term_string}"},"query-input":{"@type":"PropertyValueSpecification","valueRequired":true,"valueName":"search_term_string"}}],"inLanguage":"en-US"}]}},"uagb_featured_image_src":{"full":["https:\/\/das-dokumentarische.blogs.ruhr-uni-bochum.de\/wp-content\/uploads\/2018\/02\/Seiten-aus-LAND-N-Fanged-Noumena_-Collected-Writings-1987-2007-2.jpg",2657,2846,false],"thumbnail":["https:\/\/das-dokumentarische.blogs.ruhr-uni-bochum.de\/wp-content\/uploads\/2018\/02\/Seiten-aus-LAND-N-Fanged-Noumena_-Collected-Writings-1987-2007-2-150x150.jpg",150,150,true],"medium":["https:\/\/das-dokumentarische.blogs.ruhr-uni-bochum.de\/wp-content\/uploads\/2018\/02\/Seiten-aus-LAND-N-Fanged-Noumena_-Collected-Writings-1987-2007-2-280x300.jpg",280,300,true],"medium_large":["https:\/\/das-dokumentarische.blogs.ruhr-uni-bochum.de\/wp-content\/uploads\/2018\/02\/Seiten-aus-LAND-N-Fanged-Noumena_-Collected-Writings-1987-2007-2-768x823.jpg",768,823,true],"large":["https:\/\/das-dokumentarische.blogs.ruhr-uni-bochum.de\/wp-content\/uploads\/2018\/02\/Seiten-aus-LAND-N-Fanged-Noumena_-Collected-Writings-1987-2007-2-700x750.jpg",700,750,true],"1536x1536":["https:\/\/das-dokumentarische.blogs.ruhr-uni-bochum.de\/wp-content\/uploads\/2018\/02\/Seiten-aus-LAND-N-Fanged-Noumena_-Collected-Writings-1987-2007-2.jpg",1434,1536,false],"2048x2048":["https:\/\/das-dokumentarische.blogs.ruhr-uni-bochum.de\/wp-content\/uploads\/2018\/02\/Seiten-aus-LAND-N-Fanged-Noumena_-Collected-Writings-1987-2007-2.jpg",1912,2048,false],"ultp_layout_landscape_large":["https:\/\/das-dokumentarische.blogs.ruhr-uni-bochum.de\/wp-content\/uploads\/2018\/02\/Seiten-aus-LAND-N-Fanged-Noumena_-Collected-Writings-1987-2007-2.jpg",747,800,false],"ultp_layout_landscape":["https:\/\/das-dokumentarische.blogs.ruhr-uni-bochum.de\/wp-content\/uploads\/2018\/02\/Seiten-aus-LAND-N-Fanged-Noumena_-Collected-Writings-1987-2007-2.jpg",532,570,false],"ultp_layout_portrait":["https:\/\/das-dokumentarische.blogs.ruhr-uni-bochum.de\/wp-content\/uploads\/2018\/02\/Seiten-aus-LAND-N-Fanged-Noumena_-Collected-Writings-1987-2007-2.jpg",600,643,false],"ultp_layout_square":["https:\/\/das-dokumentarische.blogs.ruhr-uni-bochum.de\/wp-content\/uploads\/2018\/02\/Seiten-aus-LAND-N-Fanged-Noumena_-Collected-Writings-1987-2007-2.jpg",560,600,false],"colormag-highlighted-post":["https:\/\/das-dokumentarische.blogs.ruhr-uni-bochum.de\/wp-content\/uploads\/2018\/02\/Seiten-aus-LAND-N-Fanged-Noumena_-Collected-Writings-1987-2007-2-392x272.jpg",392,272,true],"colormag-featured-post-medium":["https:\/\/das-dokumentarische.blogs.ruhr-uni-bochum.de\/wp-content\/uploads\/2018\/02\/Seiten-aus-LAND-N-Fanged-Noumena_-Collected-Writings-1987-2007-2-390x205.jpg",390,205,true],"colormag-featured-post-small":["https:\/\/das-dokumentarische.blogs.ruhr-uni-bochum.de\/wp-content\/uploads\/2018\/02\/Seiten-aus-LAND-N-Fanged-Noumena_-Collected-Writings-1987-2007-2-130x90.jpg",130,90,true],"colormag-featured-image":["https:\/\/das-dokumentarische.blogs.ruhr-uni-bochum.de\/wp-content\/uploads\/2018\/02\/Seiten-aus-LAND-N-Fanged-Noumena_-Collected-Writings-1987-2007-2-800x445.jpg",800,445,true],"colormag-default-news":["https:\/\/das-dokumentarische.blogs.ruhr-uni-bochum.de\/wp-content\/uploads\/2018\/02\/Seiten-aus-LAND-N-Fanged-Noumena_-Collected-Writings-1987-2007-2.jpg",140,150,false],"colormag-featured-image-large":["https:\/\/das-dokumentarische.blogs.ruhr-uni-bochum.de\/wp-content\/uploads\/2018\/02\/Seiten-aus-LAND-N-Fanged-Noumena_-Collected-Writings-1987-2007-2.jpg",560,600,false]},"uagb_author_info":{"display_name":"Das Dokumentarische","author_link":"https:\/\/das-dokumentarische.blogs.ruhr-uni-bochum.de\/en\/author\/judith-weiss\/"},"uagb_comment_info":0,"uagb_excerpt":"Dass man sich das Ende der Welt eher vorstellen k\u00f6nne, als das Ende des Kapitalismus, diagnostizierte der Kulturtheoretiker Mark Fisher.","_links":{"self":[{"href":"https:\/\/das-dokumentarische.blogs.ruhr-uni-bochum.de\/en\/wp-json\/wp\/v2\/tribe_events\/2957","targetHints":{"allow":["GET"]}}],"collection":[{"href":"https:\/\/das-dokumentarische.blogs.ruhr-uni-bochum.de\/en\/wp-json\/wp\/v2\/tribe_events"}],"about":[{"href":"https:\/\/das-dokumentarische.blogs.ruhr-uni-bochum.de\/en\/wp-json\/wp\/v2\/types\/tribe_events"}],"author":[{"embeddable":true,"href":"https:\/\/das-dokumentarische.blogs.ruhr-uni-bochum.de\/en\/wp-json\/wp\/v2\/users\/10"}],"version-history":[{"count":4,"href":"https:\/\/das-dokumentarische.blogs.ruhr-uni-bochum.de\/en\/wp-json\/wp\/v2\/tribe_events\/2957\/revisions"}],"predecessor-version":[{"id":4947,"href":"https:\/\/das-dokumentarische.blogs.ruhr-uni-bochum.de\/en\/wp-json\/wp\/v2\/tribe_events\/2957\/revisions\/4947"}],"wp:featuredmedia":[{"embeddable":true,"href":"https:\/\/das-dokumentarische.blogs.ruhr-uni-bochum.de\/en\/wp-json\/wp\/v2\/media\/2963"}],"wp:attachment":[{"href":"https:\/\/das-dokumentarische.blogs.ruhr-uni-bochum.de\/en\/wp-json\/wp\/v2\/media?parent=2957"}],"wp:term":[{"taxonomy":"post_tag","embeddable":true,"href":"https:\/\/das-dokumentarische.blogs.ruhr-uni-bochum.de\/en\/wp-json\/wp\/v2\/tags?post=2957"},{"taxonomy":"tribe_events_cat","embeddable":true,"href":"https:\/\/das-dokumentarische.blogs.ruhr-uni-bochum.de\/en\/wp-json\/wp\/v2\/tribe_events_cat?post=2957"}],"curies":[{"name":"wp","href":"https:\/\/api.w.org\/{rel}","templated":true}]}}