{"id":4339,"date":"2019-10-16T20:27:32","date_gmt":"2019-10-16T18:27:32","guid":{"rendered":"https:\/\/das-dokumentarische.blogs.ruhr-uni-bochum.de\/?page_id=4339"},"modified":"2022-03-16T10:08:30","modified_gmt":"2022-03-16T09:08:30","slug":"fynn-adrian-richter","status":"publish","type":"page","link":"https:\/\/das-dokumentarische.blogs.ruhr-uni-bochum.de\/en\/kollegiat_innen\/fynn-adrian-richter\/","title":{"rendered":"Fynn-Adrian Richter, M.A."},"content":{"rendered":"<p><img loading=\"lazy\" decoding=\"async\" class=\"alignleft\" src=\"https:\/\/das-dokumentarische.blogs.ruhr-uni-bochum.de\/wp-content\/uploads\/2020\/05\/Richter_F_05_fin.jpg\" width=\"170\" height=\"170\">Universit\u00e4tsstr.&nbsp;105<br \/>\n44789 Bochum<br \/>\nRoom: UNI 105, 3\/28<\/p>\n<p>Phone: +49 (0) 234\/32-27098<br \/>\nE-Mail: fynn-adrian.richter@ruhr-uni-bochum.de<\/p>\n<p>&nbsp;<\/p>\n<hr>\n<h3><strong><u>Title of the Dissertation<\/u><\/strong><\/h3>\n<p>Documenting Human\u2019s End(ing) oder: \u201aLiminales Dokumentieren\u2018. Aufzeichnungsszenen in \u201aLetzte-Mensch\u2018-Erz\u00e4hlungen und Denkfiguren des Dokumentarischen in benachbarten anthropologischen und \u00f6kologischen Krisendiskursen<span lang=\"DE\">.&nbsp;<\/span>(working title)<\/p>\n<hr>\n<h3><strong><u>Project Description&nbsp;<\/u><\/strong><\/h3>\n<p>This doctoral thesis in the field of cultural studies and literary criticism focuses on a heterogeneous problem and area of observation: the (imagined) end of humanity. In order to fruitfully exploit this field, on the one hand I analyse a specific form of media reflexivity in literary \u2018last human\u2019 narratives (scenes of recording) which nevertheless, as one theory has it, display fundamental assumptions of the documentary in a special way: the last humans, as narrating and recording authorities, are chroniclers and documenters of the fall. On the other hand, the project examines recent crisis discourses (the Anthropocene, post-humanity), including those beyond the realm of fictional literature. The main focus of the project is the question as to whether these at times catastrophic fictions\/visions of the future operate with the central figures of thought, rhetoric and assumptions of the documentary (legacy, memory, the archive, traces, fossils etc.). The findings will be further compared recursively with the discourses of the documentary in order to show that documentary practices, techniques and institutions that seek to protect their self-understanding (e.g. the UNESCO \u2018Memory of the World\u2019 document register) are characterised by luminal concepts of time and must grapple with the (media-)philological problems and challenges of their \u2018communication with the future\u2019. The project thus examines the various future scenarios not only in terms of their (quasi-)documentary strategies, procedures and rhetoric, examining how they are negotiated, but also attributes to these negotiations an added value rooted in epistemology and the poetology of knowledge with great potential for how we think about and describe the documentary.<\/p>\n<hr>\n<h3><strong><u>Scholarly Career<\/u><\/strong><\/h3>\n<ul>\n<li><span lang=\"DE\">Since October 2019: R<\/span>esearcher and doctoral candidate in the DFG post-graduate programme \u201cThe Documentary. Excess and Withdrawal\u201d, Ruhr University Bochum<\/li>\n<li><span lang=\"DE\">09\/2017 to 10\/2019: R<\/span>esearch assistant for Modern German Literature and Media Aesthetics (under Prof. Dr. Michael Niehaus), University of Hagen<\/li>\n<li><span lang=\"DE\">04\/2015 to 11\/2017:&nbsp;<\/span>Master\u2019s degree in Comparative Literature and Media Studies, Ruhr University Bochum<\/li>\n<li><span lang=\"DE\">09\/2009 to 09\/2014:&nbsp;<\/span>Bachelor\u2019s degree in Comparative Literature and German Studies, Ruhr University Bochum<\/li>\n<\/ul>\n<hr>\n<h3><strong><u>Publications<\/u><\/strong><\/h3>\n<ul>\n<li><span lang=\"DE\">&#8220;Bild-Werden. Zur \u00c4sthetik der \u201aposthumanen Situation\u2018 in Michel Gondry&#8217;s ETERNAL SUNSHINE OF THE SPOTLESS MIND (2004)\u201c. In: Irina Gradinari\/Michael Niehaus (eds.): <em>Filmisches Erinnern. Zur \u00c4sthetik und Funktion der R\u00fcckblende<\/em>. Dortmund: readbox unipress 2020, S. 149-179 (full text: <a href=\"https:\/\/ub-deposit.fernuni-hagen.de\/receive\/mir_mods_00001603\">https:\/\/ub-deposit.fernuni-hagen.de\/receive\/mir_mods_00001603<\/a>).<\/span><\/li>\n<li><span lang=\"DE\">&#8220;Von Baumst\u00e4mmen und Steinen. Zur Poiesis von Alfred D\u00f6blins Berge Meere und Giganten ausgehend von einer Natur-Epiphanie\u201c. Article in the anthology of the project group &#8216;Der verdichtete Raum. Zukunftsromane 1920-1940&#8217;. (forthcoming)<\/span><\/li>\n<\/ul>\n<hr>\n<h3><strong><u>Talks<\/u><\/strong><\/h3>\n<ul>\n<li>&#8220;Das Ende?! Posthumane Phantasien bei Margaret Atwood\u201c, talk presented as part of the student lecture series &#8220;Hermaion\u201c at Ruhr University Bochum (11.07.2018)<\/li>\n<li>&#8220;Posthumane Phantasien. Medien\u00e4sthetische und -komparatistische \u00dcberlegungen zum Ende des Menschen\u201c, talk presented as part of the doctoral colloquium of Comparative Literature at Ruhr University Bochum (26.01.19)<\/li>\n<li>&#8220;Com-Post-Human. Haraways Tentakel und Daths Schleimpilze\u201d, Keynote presented as part of the student conference &#8220;M\u00f6gliche\/Zuk\u00fcnftige Welten in der phantastischen Litertur\u201c at the Rottstr 5 Theatre in cooperation with Ruhr University Bochum (07.05.2019)<\/li>\n<li>&#8220;Mit der Zukunft kommunizieren. Medienphilologische Herausforderungen dokumentarischer Praktiken\u201c, Talk presented as part of the international Summer Academy &#8220;Media Philology\u201c, Rutgers University New Brunswick\/NJ (28.08.19)<\/li>\n<\/ul>\n<hr>\n<h3><strong><u>University Courses<\/u><\/strong><\/h3>\n<ul>\n<li><span lang=\"DE\">Winter Term 2017\/18: Online webinar via Adobe Connect &#8220;Literatur und Medien II\u201c, in collaboration with Dr. Nils Jablonski and Jessica G\u00fcsken, Neuere deutsche Literaturwissenschaft und Medien\u00e4sthetik, FernUniversit\u00e4t Hagen<\/span><\/li>\n<li><span lang=\"DE\">Summer Term 2018: Seminar &#8220;Posthumane Phantasien im Film\u201c, in collaboration with Jessica G\u00fcsken, Study Week 2018, FernUniversit\u00e4t Hagen<\/span><\/li>\n<li><span lang=\"DE\">Summer Term 2018: Seminar &#8220;Posthumanismus\u201c, in collaboration with Prof. Dr. Thomas Bedorf and JProf. Dr. Irina Gradinari, FernUniversit\u00e4t Hagen<\/span><\/li>\n<li><span lang=\"DE\">Summer Term 2019: Online webinar via Adobe Connect &#8220;Literatur und Medien III\u201c, in collaboration with Dr. Nils Jablonski and Jessica G\u00fcsken, Neuere deutsche Literaturwissenschaft und Medien\u00e4sthetik, FernUniversit\u00e4t Hagen<\/span><\/li>\n<li><span lang=\"DE\">Winter Term 2019\/20: Seminar &#8220;Das Anthropoz\u00e4n. Zum Konzept, den Narrativen und der Literatur der Menschenzeit\u201c, Department of Comparative Literature, Ruhr University Bochum<\/span><\/li>\n<\/ul>\n<hr>\n<h3><strong><u>Organisation of Events <\/u><\/strong><\/h3>\n<ul>\n<li>Collaboration and panel chair at the conference \u201cGenre and Race. Media Interpendencies of Aesthetics and Politics\u201d, organised by Junior Professor Irina Gradinari and Prof. Dr. Ivo Ritzer, 22.\u201324.11.2018, University of Hagen<\/li>\n<li>Panel chair at the conference \u201cdigital_culture. World Relations in Transition\u201d, organised by Prof. Dr. Thomas Bedorf, 18.\u201319.02.2019, University of Hagen<\/li>\n<\/ul>\n<hr>\n<h3><strong><u>Miscellaneous<\/u><\/strong><\/h3>\n<ul>\n<li>Member of the Society for Media Studies (GfM)<\/li>\n<li>Member of the Society for General and Comparative Literature (DGAVL)<\/li>\n<li>Member of the working group \u201cThe Condensed Space. <em>Zukunftsromane<\/em> 1920\u20131940\u201d, a research project of the Institute for Diaspora and Gender Studies in cooperation with the Department of Comparative Literature, led by Dr. habil. Kristin Platt and Prof. Dr. Monika Schmitz-Emans, Ruhr University Bochum<\/li>\n<\/ul>\n","protected":false},"excerpt":{"rendered":"<p>Universit\u00e4tsstr.&nbsp;105 44789 Bochum Room: UNI 105, 3\/28 Phone: +49 (0) 234\/32-27098 E-Mail: fynn-adrian.richter@ruhr-uni-bochum.de &nbsp; Title of the Dissertation Documenting Human\u2019s<\/p>\n","protected":false},"author":27,"featured_media":0,"parent":366,"menu_order":0,"comment_status":"closed","ping_status":"closed","template":"","meta":{"colormag_page_container_layout":"default_layout","colormag_page_sidebar_layout":"default_layout","_uag_custom_page_level_css":"","ngg_post_thumbnail":0,"footnotes":""},"class_list":["post-4339","page","type-page","status-publish","hentry"],"translation":{"provider":"WPGlobus","version":"3.0.2","language":"en","enabled_languages":["de","en"],"languages":{"de":{"title":true,"content":true,"excerpt":false},"en":{"title":true,"content":true,"excerpt":false}}},"yoast_head":"<!-- This site is optimized with the Yoast SEO plugin v27.5 - https:\/\/yoast.com\/product\/yoast-seo-wordpress\/ -->\n<title>Fynn-Adrian Richter, M.A. - GRK Das Dokumentarische. Exzess und Entzug<\/title>\n<meta name=\"robots\" content=\"index, follow, max-snippet:-1, max-image-preview:large, max-video-preview:-1\" \/>\n<link rel=\"canonical\" href=\"https:\/\/das-dokumentarische.blogs.ruhr-uni-bochum.de\/kollegiat_innen\/fynn-adrian-richter\/\" \/>\n<meta property=\"og:locale\" content=\"en_US\" \/>\n<meta property=\"og:type\" content=\"article\" \/>\n<meta property=\"og:title\" content=\"Fynn-Adrian Richter, M.A. - GRK Das Dokumentarische. Exzess und Entzug\" \/>\n<meta property=\"og:url\" content=\"https:\/\/das-dokumentarische.blogs.ruhr-uni-bochum.de\/kollegiat_innen\/fynn-adrian-richter\/\" \/>\n<meta property=\"og:site_name\" content=\"GRK Das Dokumentarische. Exzess und Entzug\" \/>\n<meta property=\"article:modified_time\" content=\"2022-03-16T09:08:30+00:00\" \/>\n<meta property=\"og:image\" content=\"https:\/\/das-dokumentarische.blogs.ruhr-uni-bochum.de\/wp-content\/uploads\/2020\/05\/Richter_F_05_fin.jpg\" \/>\n<meta name=\"twitter:card\" content=\"summary_large_image\" \/>\n<meta name=\"twitter:label1\" content=\"Est. reading time\" \/>\n\t<meta name=\"twitter:data1\" content=\"6 minutes\" \/>\n<script type=\"application\/ld+json\" class=\"yoast-schema-graph\">{\"@context\":\"https:\\\/\\\/schema.org\",\"@graph\":[{\"@type\":\"WebPage\",\"@id\":\"https:\\\/\\\/das-dokumentarische.blogs.ruhr-uni-bochum.de\\\/kollegiat_innen\\\/fynn-adrian-richter\\\/\",\"url\":\"https:\\\/\\\/das-dokumentarische.blogs.ruhr-uni-bochum.de\\\/kollegiat_innen\\\/fynn-adrian-richter\\\/\",\"name\":\"Fynn-Adrian Richter, M.A. - GRK Das Dokumentarische. Exzess und Entzug\",\"isPartOf\":{\"@id\":\"https:\\\/\\\/das-dokumentarische.blogs.ruhr-uni-bochum.de\\\/en\\\/#website\"},\"primaryImageOfPage\":{\"@id\":\"https:\\\/\\\/das-dokumentarische.blogs.ruhr-uni-bochum.de\\\/kollegiat_innen\\\/fynn-adrian-richter\\\/#primaryimage\"},\"image\":{\"@id\":\"https:\\\/\\\/das-dokumentarische.blogs.ruhr-uni-bochum.de\\\/kollegiat_innen\\\/fynn-adrian-richter\\\/#primaryimage\"},\"thumbnailUrl\":\"https:\\\/\\\/das-dokumentarische.blogs.ruhr-uni-bochum.de\\\/wp-content\\\/uploads\\\/2020\\\/05\\\/Richter_F_05_fin.jpg\",\"datePublished\":\"2019-10-16T18:27:32+00:00\",\"dateModified\":\"2022-03-16T09:08:30+00:00\",\"breadcrumb\":{\"@id\":\"https:\\\/\\\/das-dokumentarische.blogs.ruhr-uni-bochum.de\\\/kollegiat_innen\\\/fynn-adrian-richter\\\/#breadcrumb\"},\"inLanguage\":\"en-US\",\"potentialAction\":[{\"@type\":\"ReadAction\",\"target\":[\"https:\\\/\\\/das-dokumentarische.blogs.ruhr-uni-bochum.de\\\/kollegiat_innen\\\/fynn-adrian-richter\\\/\"]}]},{\"@type\":\"ImageObject\",\"inLanguage\":\"en-US\",\"@id\":\"https:\\\/\\\/das-dokumentarische.blogs.ruhr-uni-bochum.de\\\/kollegiat_innen\\\/fynn-adrian-richter\\\/#primaryimage\",\"url\":\"https:\\\/\\\/das-dokumentarische.blogs.ruhr-uni-bochum.de\\\/wp-content\\\/uploads\\\/2020\\\/05\\\/Richter_F_05_fin.jpg\",\"contentUrl\":\"https:\\\/\\\/das-dokumentarische.blogs.ruhr-uni-bochum.de\\\/wp-content\\\/uploads\\\/2020\\\/05\\\/Richter_F_05_fin.jpg\"},{\"@type\":\"BreadcrumbList\",\"@id\":\"https:\\\/\\\/das-dokumentarische.blogs.ruhr-uni-bochum.de\\\/kollegiat_innen\\\/fynn-adrian-richter\\\/#breadcrumb\",\"itemListElement\":[{\"@type\":\"ListItem\",\"position\":1,\"name\":\"Startseite\",\"item\":\"https:\\\/\\\/das-dokumentarische.blogs.ruhr-uni-bochum.de\\\/en\\\/\"},{\"@type\":\"ListItem\",\"position\":2,\"name\":\"Kollegiat_innen\",\"item\":\"https:\\\/\\\/das-dokumentarische.blogs.ruhr-uni-bochum.de\\\/kollegiat_innen\\\/\"},{\"@type\":\"ListItem\",\"position\":3,\"name\":\"Fynn-Adrian Richter, M.A.\"}]},{\"@type\":\"WebSite\",\"@id\":\"https:\\\/\\\/das-dokumentarische.blogs.ruhr-uni-bochum.de\\\/en\\\/#website\",\"url\":\"https:\\\/\\\/das-dokumentarische.blogs.ruhr-uni-bochum.de\\\/en\\\/\",\"name\":\"GRK Das Dokumentarische. Exzess und Entzug\",\"description\":\"\",\"potentialAction\":[{\"@type\":\"SearchAction\",\"target\":{\"@type\":\"EntryPoint\",\"urlTemplate\":\"https:\\\/\\\/das-dokumentarische.blogs.ruhr-uni-bochum.de\\\/en\\\/?s={search_term_string}\"},\"query-input\":{\"@type\":\"PropertyValueSpecification\",\"valueRequired\":true,\"valueName\":\"search_term_string\"}}],\"inLanguage\":\"en-US\"}]}<\/script>\n<!-- \/ Yoast SEO plugin. -->","yoast_head_json":{"title":"Fynn-Adrian Richter, M.A. - GRK Das Dokumentarische. Exzess und Entzug","robots":{"index":"index","follow":"follow","max-snippet":"max-snippet:-1","max-image-preview":"max-image-preview:large","max-video-preview":"max-video-preview:-1"},"canonical":"https:\/\/das-dokumentarische.blogs.ruhr-uni-bochum.de\/kollegiat_innen\/fynn-adrian-richter\/","og_locale":"en_US","og_type":"article","og_title":"Fynn-Adrian Richter, M.A. - GRK Das Dokumentarische. Exzess und Entzug","og_url":"https:\/\/das-dokumentarische.blogs.ruhr-uni-bochum.de\/kollegiat_innen\/fynn-adrian-richter\/","og_site_name":"GRK Das Dokumentarische. Exzess und Entzug","article_modified_time":"2022-03-16T09:08:30+00:00","og_image":[{"url":"https:\/\/das-dokumentarische.blogs.ruhr-uni-bochum.de\/wp-content\/uploads\/2020\/05\/Richter_F_05_fin.jpg","type":"","width":"","height":""}],"twitter_card":"summary_large_image","twitter_misc":{"Est. reading time":"6 minutes"},"schema":{"@context":"https:\/\/schema.org","@graph":[{"@type":"WebPage","@id":"https:\/\/das-dokumentarische.blogs.ruhr-uni-bochum.de\/kollegiat_innen\/fynn-adrian-richter\/","url":"https:\/\/das-dokumentarische.blogs.ruhr-uni-bochum.de\/kollegiat_innen\/fynn-adrian-richter\/","name":"Fynn-Adrian Richter, M.A. - GRK Das Dokumentarische. Exzess und Entzug","isPartOf":{"@id":"https:\/\/das-dokumentarische.blogs.ruhr-uni-bochum.de\/en\/#website"},"primaryImageOfPage":{"@id":"https:\/\/das-dokumentarische.blogs.ruhr-uni-bochum.de\/kollegiat_innen\/fynn-adrian-richter\/#primaryimage"},"image":{"@id":"https:\/\/das-dokumentarische.blogs.ruhr-uni-bochum.de\/kollegiat_innen\/fynn-adrian-richter\/#primaryimage"},"thumbnailUrl":"https:\/\/das-dokumentarische.blogs.ruhr-uni-bochum.de\/wp-content\/uploads\/2020\/05\/Richter_F_05_fin.jpg","datePublished":"2019-10-16T18:27:32+00:00","dateModified":"2022-03-16T09:08:30+00:00","breadcrumb":{"@id":"https:\/\/das-dokumentarische.blogs.ruhr-uni-bochum.de\/kollegiat_innen\/fynn-adrian-richter\/#breadcrumb"},"inLanguage":"en-US","potentialAction":[{"@type":"ReadAction","target":["https:\/\/das-dokumentarische.blogs.ruhr-uni-bochum.de\/kollegiat_innen\/fynn-adrian-richter\/"]}]},{"@type":"ImageObject","inLanguage":"en-US","@id":"https:\/\/das-dokumentarische.blogs.ruhr-uni-bochum.de\/kollegiat_innen\/fynn-adrian-richter\/#primaryimage","url":"https:\/\/das-dokumentarische.blogs.ruhr-uni-bochum.de\/wp-content\/uploads\/2020\/05\/Richter_F_05_fin.jpg","contentUrl":"https:\/\/das-dokumentarische.blogs.ruhr-uni-bochum.de\/wp-content\/uploads\/2020\/05\/Richter_F_05_fin.jpg"},{"@type":"BreadcrumbList","@id":"https:\/\/das-dokumentarische.blogs.ruhr-uni-bochum.de\/kollegiat_innen\/fynn-adrian-richter\/#breadcrumb","itemListElement":[{"@type":"ListItem","position":1,"name":"Startseite","item":"https:\/\/das-dokumentarische.blogs.ruhr-uni-bochum.de\/en\/"},{"@type":"ListItem","position":2,"name":"Kollegiat_innen","item":"https:\/\/das-dokumentarische.blogs.ruhr-uni-bochum.de\/kollegiat_innen\/"},{"@type":"ListItem","position":3,"name":"Fynn-Adrian Richter, M.A."}]},{"@type":"WebSite","@id":"https:\/\/das-dokumentarische.blogs.ruhr-uni-bochum.de\/en\/#website","url":"https:\/\/das-dokumentarische.blogs.ruhr-uni-bochum.de\/en\/","name":"GRK Das Dokumentarische. Exzess und Entzug","description":"","potentialAction":[{"@type":"SearchAction","target":{"@type":"EntryPoint","urlTemplate":"https:\/\/das-dokumentarische.blogs.ruhr-uni-bochum.de\/en\/?s={search_term_string}"},"query-input":{"@type":"PropertyValueSpecification","valueRequired":true,"valueName":"search_term_string"}}],"inLanguage":"en-US"}]}},"uagb_featured_image_src":{"full":false,"thumbnail":false,"medium":false,"medium_large":false,"large":false,"1536x1536":false,"2048x2048":false,"ultp_layout_landscape_large":false,"ultp_layout_landscape":false,"ultp_layout_portrait":false,"ultp_layout_square":false,"colormag-highlighted-post":false,"colormag-featured-post-medium":false,"colormag-featured-post-small":false,"colormag-featured-image":false,"colormag-default-news":false,"colormag-featured-image-large":false},"uagb_author_info":{"display_name":"Olivia Bartniczek","author_link":"https:\/\/das-dokumentarische.blogs.ruhr-uni-bochum.de\/en\/author\/olivia-bartniczek\/"},"uagb_comment_info":0,"uagb_excerpt":"Universit\u00e4tsstr.&nbsp;105 44789 Bochum Room: UNI 105, 3\/28 Phone: +49 (0) 234\/32-27098 E-Mail: fynn-adrian.richter@ruhr-uni-bochum.de &nbsp; Title of the Dissertation Documenting Human\u2019s","_links":{"self":[{"href":"https:\/\/das-dokumentarische.blogs.ruhr-uni-bochum.de\/en\/wp-json\/wp\/v2\/pages\/4339","targetHints":{"allow":["GET"]}}],"collection":[{"href":"https:\/\/das-dokumentarische.blogs.ruhr-uni-bochum.de\/en\/wp-json\/wp\/v2\/pages"}],"about":[{"href":"https:\/\/das-dokumentarische.blogs.ruhr-uni-bochum.de\/en\/wp-json\/wp\/v2\/types\/page"}],"author":[{"embeddable":true,"href":"https:\/\/das-dokumentarische.blogs.ruhr-uni-bochum.de\/en\/wp-json\/wp\/v2\/users\/27"}],"replies":[{"embeddable":true,"href":"https:\/\/das-dokumentarische.blogs.ruhr-uni-bochum.de\/en\/wp-json\/wp\/v2\/comments?post=4339"}],"version-history":[{"count":15,"href":"https:\/\/das-dokumentarische.blogs.ruhr-uni-bochum.de\/en\/wp-json\/wp\/v2\/pages\/4339\/revisions"}],"predecessor-version":[{"id":8065,"href":"https:\/\/das-dokumentarische.blogs.ruhr-uni-bochum.de\/en\/wp-json\/wp\/v2\/pages\/4339\/revisions\/8065"}],"up":[{"embeddable":true,"href":"https:\/\/das-dokumentarische.blogs.ruhr-uni-bochum.de\/en\/wp-json\/wp\/v2\/pages\/366"}],"wp:attachment":[{"href":"https:\/\/das-dokumentarische.blogs.ruhr-uni-bochum.de\/en\/wp-json\/wp\/v2\/media?parent=4339"}],"curies":[{"name":"wp","href":"https:\/\/api.w.org\/{rel}","templated":true}]}}