{"id":1614,"date":"2017-10-03T12:03:31","date_gmt":"2017-10-03T10:03:31","guid":{"rendered":"https:\/\/das-dokumentarische.blogs.ruhr-uni-bochum.de\/?page_id=1614"},"modified":"2022-04-20T12:20:40","modified_gmt":"2022-04-20T10:20:40","slug":"veronique-sina","status":"publish","type":"page","link":"https:\/\/das-dokumentarische.blogs.ruhr-uni-bochum.de\/en\/assoziierte-mitglieder\/veronique-sina\/","title":{"rendered":"V\u00e9ronique Sina, Dr."},"content":{"rendered":"\n<p><em>(Associated Member from 10\/2017\u201309\/2019)<\/em><\/p>\n\n\n\n<div class=\"wp-block-media-text alignwide is-stacked-on-mobile\" style=\"grid-template-columns:26% auto\"><figure class=\"wp-block-media-text__media\"><img loading=\"lazy\" decoding=\"async\" width=\"700\" height=\"700\" src=\"https:\/\/das-dokumentarische.blogs.ruhr-uni-bochum.de\/wp-content\/uploads\/2017\/10\/Sina_portrait-700x700.jpg\" alt=\"\" class=\"wp-image-3030 size-full\" srcset=\"https:\/\/das-dokumentarische.blogs.ruhr-uni-bochum.de\/wp-content\/uploads\/2017\/10\/Sina_portrait-700x700.jpg 700w, https:\/\/das-dokumentarische.blogs.ruhr-uni-bochum.de\/wp-content\/uploads\/2017\/10\/Sina_portrait-150x150.jpg 150w, https:\/\/das-dokumentarische.blogs.ruhr-uni-bochum.de\/wp-content\/uploads\/2017\/10\/Sina_portrait-300x300.jpg 300w, https:\/\/das-dokumentarische.blogs.ruhr-uni-bochum.de\/wp-content\/uploads\/2017\/10\/Sina_portrait-768x768.jpg 768w, https:\/\/das-dokumentarische.blogs.ruhr-uni-bochum.de\/wp-content\/uploads\/2017\/10\/Sina_portrait.jpg 1920w\" sizes=\"auto, (max-width: 700px) 100vw, 700px\" \/><\/figure><div class=\"wp-block-media-text__content\">\n<h3 class=\"wp-block-heading\"><strong><em><strong><u>Contact<\/u><\/strong><\/em><\/strong><\/h3>\n\n\n\n<p>E-Mail: veronique.sina@rub.de<\/p>\n\n\n\n<p><em><strong>PostDoc project:&nbsp;<\/strong>Discursive Constructions of Cultural Jewish Identities in (Audio-)Visual Media<\/em> <em>(working title)<\/em><\/p>\n\n\n\n<p><\/p>\n<\/div><\/div>\n\n\n\n<hr class=\"wp-block-separator\"\/>\n\n\n\n<h3 class=\"wp-block-heading\"><strong><u>Titel der Dissertation<\/u><\/strong><\/h3>\n\n\n\n<p>Diskursive Konstruktionen kultureller j\u00fcdischer Identit\u00e4t(en) in (audio-)visuellen Medien <em>(Arbeitstitel)<\/em><\/p>\n\n\n\n<hr class=\"wp-block-separator\"\/>\n\n\n\n<h3 class=\"wp-block-heading\"><strong><u>Projektbeschreibung<\/u><\/strong><\/h3>\n\n\n\n<p>Im Zentrum meines Postdoc-Forschungsprojektes steht die Frage, wie kulturelle j\u00fcdische Identit\u00e4t(en) in unterschiedlichen Medienkonstellationen hergestellt und verhandelt werden. Anhand konkreter Beispiele werde ich die zeitgen\u00f6ssische Repr\u00e4sentation kultureller j\u00fcdischer Identit\u00e4t(en) in (audio-)visuellen Formen aus der interdisziplin\u00e4ren Perspektive der <em>Jewish Visual (Culture) Studies<\/em> untersuchen und dabei einen besonderen Fokus auf das konstitutive Verh\u00e4ltnis und wechselseitige Ineinandergreifen verschiedener ordnungsstiftender sowie identit\u00e4tspolitischer Kategorien wie Ethnizit\u00e4t, Gender, Klasse, Sexualit\u00e4t oder K\u00f6rper legen. Prim\u00e4rer Analysegegenstand sind ausgew\u00e4hlte (auto-)biografische Werke der j\u00fcdisch-amerikanischen Comick\u00fcnstler_innen Aline Kominsky Crumb und Art Spiegelman, die US-amerikanische TV-Serie <em>Transparent<\/em> (seit 2014) sowie die europ\u00e4ische Kinofilmproduktion <em>Die Blumen von Gestern<\/em> (A\/D\/F 2016).<\/p>\n\n\n\n<p>Davon ausgehend, dass (audio-)visuelle Repr\u00e4sentationen stets im Kontext ihres (sozio-)kulturellen sowie gesellschaftspolitischen Hintergrundes betrachtet werden m\u00fcssen, besteht das zentrale Anliegen des Projektes darin, das auf Hierarchisierung basierende hegemoniale Prinzip der \u201aj\u00fcdischen Differenz\u2019 (vgl. Silverman 2011) in den Blick zu nehmen und dessen Konstitution sowie (Re-)Produktion einer gleichsam medien\u00e4sthetischen wie -kritischen intersektionalen Analyse zu unterziehen. Dabei l\u00e4sst sich das Forschungsvorhaben von der grundlegenden Annahme leiten, dass es sich sowohl bei popul\u00e4ren Bildmedien \u2013 wie etwa Comic, Film und Fernsehen \u2013 als auch bei (kulturellen) identit\u00e4tsstiftenden Strukturen, um kontextabh\u00e4ngige diskursive Konzepte handelt, die durch ihre performative, d.h. dynamische, prozesshafte und nicht-essenzialistische Verfasstheit gekennzeichnet sind.<\/p>\n\n\n\n<p>Im Vordergrund der Beispielanalysen steht somit jeweils die Frage, welchen Anteil zeitgen\u00f6ssische Comic-, Film- und Fernsehproduktionen an hegemonialen Ausgrenzungsverfahren und Normalisierungsprozessen haben. Wie kann der bedeutungskonstituierende Charakter (audio-)visueller Medien mit Blick auf die medial-diskursive (Selbst-)Dokumentation, (Selbst-)Inszenierung und (Selbst-)Konstitution von \u201aJ\u00fcdischsein\u2019 beschrieben und problematisiert werden? Indem ein besonderes Augenmerk auf die materielle und formal-\u00e4sthetische Disposition ausgew\u00e4hlter popul\u00e4rer Bildmedien gelegt wird, tr\u00e4gt mein Forschungsprojekt dazu bei, Ausschlie\u00dfungs- und Machtstrukturen aufzusp\u00fcren, sichtbar zu machen und ihre gesellschaftspolitische sowie mediale Form der (Re-)Produktion einer differenzierten Betrachtung und kritisch-reflexiven Analyse zu unterziehen.<\/p>\n\n\n\n<hr class=\"wp-block-separator\"\/>\n\n\n\n<h3 class=\"wp-block-heading\"><strong><u>Wissenschaftlicher Werdegang<\/u><\/strong><\/h3>\n\n\n\n<ul class=\"wp-block-list\"><li>Seit Oktober 2017: Assoziiertes Mitglied (Postdoc) am DFG-Graduiertenkolleg \u201eDas Dokumentarische. Exzess und Entzug\u201c, Ruhr-Universit\u00e4t Bochum<\/li><li>Seit Oktober 2017: Wissenschaftliche Mitarbeiterin (Postdoc) an der Professur \u201eKulturen und Theorien des Popul\u00e4ren\u201c (Prof. Dr. Stephan Packard), Universit\u00e4t zu K\u00f6ln, Institut f\u00fcr Medienkultur und Theater<\/li><li>Seit Juni 2017: Akademische Mitarbeiterin (Postdoc) an der Professur \u201eMedieninnovation\/Medienwandel\u201c (Prof. Dr. Klaus Sachs-Hombach), Eberhard Karls Universit\u00e4t T\u00fcbingen, Institut f\u00fcr Medienwissenschaft<\/li><li>Februar 2017 \u2013 Mai 2017: Wissenschaftliche Mitarbeiterin (Postdoc) an der Professur \u201eTheorie, Geschichte und \u00c4sthetik digitaler Medien mit dem Schwerpunkt Fernsehen und digitale Medien\u201c (Prof. Dr. Peter M. Spangenberg), Ruhr-Universit\u00e4t Bochum, Institut f\u00fcr Medienwissenschaft<\/li><li>November 2015 \u2013 Januar 2017: Koordinatorin (Wissenschaftliche Mitarbeiterin\/Postdoc) des interdisziplin\u00e4ren und hochschul\u00fcbergreifenden Masterstudiengangs \u201eGender und Queer Studies\u201c an der Universit\u00e4t zu K\u00f6ln<\/li><li>Juli 2013 \u2013&nbsp; Oktober 2015: Wissenschaftliche Mentorin am Institut f\u00fcr Medienwissenschaft der Ruhr-Universit\u00e4t Bochum<\/li><li>Oktober 2012 \u2013 Januar 2013: Promotionsstipendiatin der Wilhelm und G\u00fcnter Esser Stiftung<\/li><li>Oktober 2009 \u2013 September 2012: Promotionsstipendiatin der Ruhr-University Research School<\/li><li>Mai 2008 \u2013 September 2009:&nbsp; wissenschaftliche Mentorin am Institut f\u00fcr Medienwissenschaft der Ruhr-Universit\u00e4t Bochum<\/li><li>Oktober 2007 \u2013 M\u00e4rz 2008:&nbsp; Koordinatorin des Joint Degree Studiengangs \u201eGender Studies\u201c (eine Kooperation der Karl-Franzens-Universit\u00e4t Graz und der<br>Ruhr-Universit\u00e4t Bochum)<\/li><li>Lehrauftr\u00e4ge an der Ruhr-Universit\u00e4t Bochum, der Universit\u00e4t Bayreuth, der Universit\u00e4t Marburg sowie der Kunstuniversit\u00e4t Linz<\/li><li>2015:&nbsp; Promotion an der Fakult\u00e4t f\u00fcr Philologie (Institut f\u00fcr Medienwissenschaft) der Ruhr-Universit\u00e4t Bochum (summa cum laude), Dissertation: \u201eComic \u2013 Film \u2013 Gender. Zur (Re-)Medialisierung von Geschlecht im Comicfilm\u201c (Erstgutachterin: Prof. Dr. Astrid Deuber-Mankowsky | Zweitgutachterin: Prof. Dr. Kornelia Freitag)<\/li><li>2004 \u2013 2007: Master of Arts Studium der Medienwissenschaft und Anglistik\/Amerikanistik an der Ruhr-Universit\u00e4t Bochum (Abschluss mit Auszeichnung)<\/li><li>2001 \u2013 2004: Bachelor of Arts Studium der Medienwissenschaft und Anglistik\/Amerikanistik an der Ruhr-Universit\u00e4t Bochum<\/li><\/ul>\n\n\n\n<hr class=\"wp-block-separator\"\/>\n\n\n\n<h3 class=\"wp-block-heading\"><strong><u>Publikationen (Auswahl)<\/u><\/strong><\/h3>\n\n\n\n<p><em><strong>Monografie<\/strong><\/em><\/p>\n\n\n\n<ul class=\"wp-block-list\"><li><em>Comic \u2013 Film \u2013 Gender. Zur (Re-)Medialisierung von Geschlecht im Comicfilm<\/em>. Bielefeld: transcript 2016, Reihe: Edition Medienwissenschaft.<\/li><\/ul>\n\n\n\n<p><em><strong><br>Herausgeberschaften<\/strong><\/em><\/p>\n\n\n\n<ul class=\"wp-block-list\"><li><em>\u00c4sthetik des Gemachten. Interdisziplin\u00e4re Beitr\u00e4ge zur Animations- und Comicforschung<\/em>. Hrsg. mit Hans-Joachim Backe, Julia Eckel, Erwin Feyersinger und Jan-No\u00ebl Thon. Berlin: De Gruyter [erscheint 2018].<\/li><li><em>CLOSURE. Kieler e-Journal f\u00fcr Comicforschung<\/em>, Ausgabe 4.5 \u201eFormen der Selbstreflexivit\u00e4t im Medium Comic\u201c. Hrsg. mit Nina Heindl [erscheint Mai 2018].<\/li><li><em>Notwendige Unzul\u00e4nglichkeit. K\u00fcnstlerische und mediale Repr\u00e4sentationen des Holocaust. <\/em>Hrsg. mit Nina Heindl. M\u00fcnster: LIT 2017, Reihe: Kunstgeschichte.<\/li><li><em>Comics intermedial. Beitr\u00e4ge zu einem interdisziplin\u00e4ren Forschungsfeld.<\/em> Hrsg. mit Christian Bachmann und Lars Banhold. Bochum: Bachmann 2012.<\/li><\/ul>\n\n\n\n<p><em><strong><br>Aufs\u00e4tze<\/strong><\/em><\/p>\n\n\n\n<ul class=\"wp-block-list\"><li><em>It\u2019s time to be a hero: <\/em>Vom Scheitern der Gender-Parodie im Comicfilm Kick-Ass. In:<em> Superhelden. Texte zu Theorie und Geschichte. <\/em>Hrsg. v. Lukas Etter, Thomas Nehrlich und Joanna Nowotny. Bielefeld: transcript [erscheint 2018].<\/li><li>Der Holocaust-Comic <em>Die Suche<\/em> im Kontext der Kinder- und Jugendliteratur. In: <em>Kinder- und Jugendliteratur im Schnittpunkt von Erziehungs- und Literaturwissenschaft. Eine Einf\u00fchrung <\/em>[Arbeitstitel]. Hrsg. v. Bettina Bannasch und Eva Matthes. M\u00fcnster: Waxmann [erscheint 2017]<\/li><li>Comics der zweiten Generation. Geschichte und konstruierte Erinnerung in Art Spiegelmans <em>Maus<\/em> und Michel Kichkas <em>Deuxi\u00e8me G\u00e9n\u00e9ration<\/em> [in Zusammenarbeit mit Nina Heindl]. In: <em>Mythos und Geschichte in Comics und Graphic Novels<\/em> [Arbeitstitel]. Hrsg. von Kerstin Borchardt und Tanja Zimmermann. Berlin: Bachmann [erscheint 2017].<\/li><li>Das Undarstellbare darstellen. Die vier Fotos des Sonderkommandos im transmedialen Gebrauch. In: <em>Notwendige Unzul\u00e4nglichkeit. K\u00fcnstlerische und mediale Repr\u00e4sentationen des Holocaust<\/em>. Hrsg. von Nina Heindl und V\u00e9ronique Sina. M\u00fcnster: LIT 2017, Reihe: Kunstgeschichte.<\/li><li>Repr\u00e4sentation \u201atrotz allem\u2019 [in Zusammenarbeit mit Nina Heindl]. In: <em>Notwendige Unzul\u00e4nglichkeit. K\u00fcnstlerische und mediale Repr\u00e4sentationen des Holocaust<\/em>. Hrsg. von Nina Heindl und V\u00e9ronique Sina. M\u00fcnster: LIT 2017, Reihe: Kunstgeschichte.<\/li><li>Sin City: When Comics and Film collide. In: <em>animationstudies 2.0<\/em>, November theme <em>Animation and the Comic Book<\/em>, 21.11.2016. Hrsg. v. Craig Smith und Chris Pallant. Online abrufbar unter &lt;https:\/\/blog.animationstudies.org\/?page_id=1587&gt;.<\/li><li>Broken Hero(es). The Construction of Masculinity in Enki Bilal\u2019s <em>La Trilogie Nikopol<\/em>. In: <em>Comics Forum<\/em>, 09.02.2016. Hrsg. v. Harriet Earle, Laurike in &#8216;t Veld und Annick Pellegrin. Online abrufbar unter &lt;http:\/\/comicsforum.org\/2016\/02\/09\/broken-heroes-sina\/&gt;.<\/li><li>Die Korrelation von Comic und Film. Ein Einblick in die reziproke Entwicklungsgeschichte zweier Medien. In: <em>CLOSURE. Kieler e-Journal f\u00fcr Comicforschung<\/em>, 1 (2014). Hrsg. v. Susanne Schwertfeger, Cord-Christian Casper und Gerrit Lembke (et al), S. 99\u2013121. Online abrufbar unter &lt;http:\/\/www.closure.uni-kiel.de\/data\/closure1\/closure1_sina.pdf&gt;.<\/li><li>Sin City: Von Comic und Film zum Comicfilm. In: <em>Daumenkino. Schwerpunkt Comic<\/em>, 09\/ 2014. Hrsg. v. Claudia Bornh\u00f6ft, Arne Schrader und Maria Freystein (et al). Online abrufbar unter &lt;http:\/\/dkritik.de\/schwerpunkt\/sin-city-von-comic-und-film-zum-comicfilm&gt;.<\/li><li>Jill Bioskop und die mediale Konstruktion von Gender in Enki Bilals hybridem \u201aComicfilm\u2019 Immortel (ad vitam). In: <em>Im Moment des Mehr \u2013 Mediale Prozesse jenseits des Funktionalen<\/em>. Hrsg. v. Peter Spangenberg und Bianca Westermann. M\u00fcnster: LIT 2012, S. 193-216.<\/li><li>\u2019Why do people want to be Paris Hilton and nobody wants to be Spider-Man?\u2019 \u2013 Mediale Inszenierungen von Geschlecht im Comicfilm Kick-Ass. In: <em>Comics intermedial. Beitr\u00e4ge zu einem interdisziplin\u00e4ren Forschungsfeld. <\/em>Hrsg. v. Christian Bachmann, V\u00e9ronique Sina und Lars Banhold. Bochum: Bachmann 2012, S. 103-120.<\/li><li>Von der Graphic Novel zum Film \u2013 Postmoderne und die Repr\u00e4sentation von Gender in Frank Millers Sin City. In: <em>Comic.Film.Helden<\/em>: <em>Heldenkonzepte und medienwissenschaftliche Ans\u00e4tze<\/em>. Hrsg. v. Barbara Kainz. Wien: Loecker 2009, S. 67-91.<\/li><\/ul>\n\n\n\n<hr class=\"wp-block-separator\"\/>\n\n\n\n<h3 class=\"wp-block-heading\"><strong><u>Vortr\u00e4ge (Auswahl)<\/u><\/strong><\/h3>\n\n\n\n<ul class=\"wp-block-list\"><li>Dezember 2017: \u201e\u2019Comickeit is J\u00fcdischkeit\u2019. \u00dcber das diskursive Zusammenspiel von Comic, Popul\u00e4rkultur und j\u00fcdischer Identit\u00e4t\u201c | Vortrag im Rahmen der 12. Jahrestagung der Gesellschaft f\u00fcr Comicforschung (ComFor) \u201eDer Comic und das Popul\u00e4re\u201c, Universit\u00e4t Bonn<\/li><li>November 2017: \u201eQueering Jewish Identity. Transsexualit\u00e4t, K\u00f6rperlichkeit und kulturelle j\u00fcdische Identit\u00e4t in der TV-Serie TRANSPARENT\u201c | Vortrag im Rahmen der Jahrestagung der Kulturwissenschaftlichen Gesellschaft (KWG) \u201eBodies in Motion\u201c, Universit\u00e4t Gent | in &nbsp;Zusammenarbeit mit Dr. Joanna Nowotny (Z\u00fcrich)<\/li><li>Oktober 2017: <strong>\u201e<\/strong>Das Tagebuch der Anne Frank: Graphic Diary\u201c \u2013 Podiumsgespr\u00e4ch mit Ole Frahm (Frankfurt a.M.) | Eine Kooperation der J\u00fcdischen Gemeinde Frankfurt a.M., dem S. Fischer Verlag und dem Anne Frank Fonds Basel im Rahmen der J\u00fcdischen Kulturwochen, Frankfurt a.M.<\/li><li>Oktober 2017: \u201e\u2019Jetzt bin ich dran!\u2019 &#8211; Frauen als Heldenfiguren\u201c \u2013 Diskussionsrunde im Rahmen der CineScience-Reihe \u201eHelden im Film\u201c | Kulturwissenschaftlichen Institut Essen in Zusammenarbeit mit dem Filmstudio Gl\u00fcckauf, Essen<\/li><li>Oktober 2017: \u201e<em>Constructing the Gendered Jewish Self<\/em> \u2013 Geschlecht und Identit\u00e4t in den autobiografischen Comics von Aline Kominsky Crumb\u201c | geladener Vortrag im Rahmen des Wissenschaftlichen Kollegs der Alexander-von-Humboldt-Stiftung \u201eAutobiografie in der Literatur und den K\u00fcnsten\u201c, Jagiellonen Universit\u00e4t Krakau<\/li><li>Oktober 2017: \u201eComics und Disability Studies\u201c | Vortrag im Rahmen der Jahrestagung der Gesellschaft f\u00fcr Medienwissenschaft (GfM) \u201eZug\u00e4nge\u201c, FAU Erlangen-N\u00fcrnberg<\/li><li>September 2017: \u201eAchtung, Fake! Feen, Phantome, Mondbewohner_innen: Interdependenzen von Authentizit\u00e4t und medialer Selbstreflexion in Fotografie und Film\u201c | Vortrag im Rahmen der Tagung \u201eT\u00e4uschend echt. Falschmeldungen und Fakes, 1835-1938\u201c, Institut f\u00fcr deutsche Sprache und Literatur I sowie Historisches Institut \u2013 Abteilung f\u00fcr Neuere Geschichte, Universit\u00e4t zu K\u00f6ln | in Zusammenarbeit mit Dr. Bianca Westermann (Bochum)<\/li><li>August 2017: \u201eDokumente des Unvorstellbaren. Fotografien des Sonderkommandos und ihre Reproduktion in Comic, Film und Fernsehen\u201c&nbsp;| Vortrag im Rahmen der interdisziplin\u00e4ren Vortragsreihe \u201eHolocaust in Kunst, Kultur und Medien\u201c, Blue Square, Ruhr-Universit\u00e4t Bochum<\/li><li>Juli 2017: \u201e\u2018If only I\u2019d had a nose job\u2019 \u2013 Representations of the Gendered Jewish Body in the Works of Aline Kominsky Crumb\u201d | Vortrag im Rahmen der NECS-Jahrestagung \u201eSENSIBILITY AND THE SENSES. Media, Bodies, Practices\u201d, Universit\u00e9 Sorbonne Nouvelle \u2013 Paris 3<\/li><li>Juni 2017: \u201eTHE HARD GOODBYE \u2013 \u00dcber das diskursive Ineinandergreifen von Medien- und Geschlechterdiskursen in Frank Millers <em>Sin City<\/em>\u201c | geladener Vortrag, Universit\u00e4t Bayreuth, Fachgruppe Medienwissenschaft<\/li><li>Juni 2017: \u201eWe faked it because it\u2019s real\u201c \u2013 \u00dcberlegungen zur Verhandlung fiktionaler Fakten und faktischer Fiktion im Found Footage-Horrorfilm\u201c | Vortrag im Rahmen des Workshops \u201eFakt\/Fiktion. Referentielle Multimodalit\u00e4t in der digitalen Medienkultur\u201c, Institut f\u00fcr Medienwissenschaft der Eberhard Karls Universit\u00e4t T\u00fcbingen | in Zusammenarbeit mit Dr. Bianca Westermann (Bochum)<\/li><li>April 2017: \u201eDie Sprache des Comics \u2013 Eine Einf\u00fchrung in die Welt der sequenziellen Kunst\u201c | geladener Vortrag im Rahmen der Veranstaltungsreihe \u201eAlle Jubeljahre \u2013 Erinnerung an bedeutende Pers\u00f6nlichkeiten\u201c, Blue Square, Ruhr-Universit\u00e4t Bochum<\/li><li>Januar 2017: \u201eHit Girl Kick(s) Ass. Verletze K\u00f6rper und marginalisierte M\u00e4nnlichkeit im Superhelden-Genre\u201c | Keynote im Rahmen der Tagung \u201eMade of Flesh and Blood \u2013 Bodies of Superheroes\u201c, Seminar f\u00fcr Anglistik, Universit\u00e4t Siegen<\/li><li>Januar 2017: \u201eMehr als \u2019nur\u2019 Comic, mehr als \u2019nur\u2019 Film \u2013 Die hypermediale Wiederauff\u00fchrung von Frank Millers <em>Sin City<\/em><em>\u201c | geladener Vortrag im Rahmen der Ringvorlesung \u201eGraphic Novels und ihre Verfilmungen\u201c, Institut f\u00fcr Neuere Deutsche Literatur und Medien, Christian-Albrechts-Universit\u00e4t zu Kiel<\/em><\/li><li>Dezember 2016: \u201eDie mediale Beschaffenheit des Comics \u2013 Zum darstellerischen\/ erz\u00e4hlerischen Potenzial der sequenziellen Kunst\u201c | geladener Vortrag im Rahmen der interdisziplin\u00e4ren Ringvorlesung \u201eKinder- und Jugendliteratur\u201c, Neuere deutsche Literaturwissenschaft und Erziehungswissenschaft, Universit\u00e4t Augsburg<\/li><li>November 2016: \u201eComics und Shoah. Die Thematisierung des Holocaust in der sequenziellen Kunst\u201c | geladener Vortrag anl\u00e4sslich der Ausstellung \u201eHolocaust im Comic\u201c, C\u00f6ln Comic Haus<\/li><li>November 2016: \u201e<em>Sin City reloaded<\/em>. Zur K\u00fcnstlichkeit von Gender und Medien in A Dame To Kill For\u201c | Vortrag im Rahmen des Symposiums \u201eZur \u00c4sthetik des Gemachten in Animation und Comic\u201c, Tagungszentrum der Volkswagen-Stiftung Schloss Herrenhausen Hannover<\/li><li>September 2016: \u201eIntersektionale Comicanalyse\u201c | Vortrag im Rahmen der Jahrestagung der Gesellschaft f\u00fcr Medienwissenschaft (GfM) \u201eKritik!\u201c, Freie Universit\u00e4t Berlin<\/li><li>September 2016: \u201eSuperman, Batman, Wonder Woman &amp; Co. Zur Geschlechterdarstellung im Superheld*innen-Genre\u201c | geladener Vortrag im Rahmen der Tagung \u201eSuperhelden, Superschurken\u201c, Evangelische Akademie zu Berlin<\/li><li>Juli 2016: \u201e\u2019And they lived happily ever after\u2019 \u2013 Geschlechterrollen in Disney-Animationsfilmen\u201c | geladener Vortrag im Rahmen der Veranstaltungsreihe \u201eAlle Jubeljahre \u2013 Erinnerung an bedeutende Pers\u00f6nlichkeiten\u201c, Blue Square, Ruhr-Universit\u00e4t Bochum<\/li><li>Juni 2016: \u201e<em>Kick-Ass<\/em>: (Hetero-)Normativit\u00e4t eines Superhelden\u201c | geladener Vortrag im Rahmen der GeStiK-Ringvorlesung \u201e\u2019Andersmacherei\u2019. Ringvorlesung zu Gender, Grenzziehungen, Sexualit\u00e4t und Gewalt\u201c, Universit\u00e4t zu K\u00f6ln<\/li><li>April 2016: \u201eComics der zweiten Generation. Geschichte und konstruierte Erinnerung in Art Spiegelmans <em>Maus<\/em> und Michel Kichkas <em>Deuxi\u00e8me G\u00e9n\u00e9ration<\/em>\u201c | geladener Vortrag im Rahmen der Tagung \u201eMythos und Geschichte in Comics und Graphic Novels\u201c, Universit\u00e4t Leipzig | in Zusammenarbeit mit Nina Heindl, M.A. (Bochum\/ K\u00f6ln)<\/li><li>April 2016: \u201eComics &amp; Gender. Zur (Re-)Produktion von Geschlechterdiskursen in der sequenziellen Kunst\u201c | Gastvortrag im Rahmen des Seminars \u201eKrieg im Comic\u201c, Historisches Institut, Universit\u00e4t zu K\u00f6ln<\/li><li>Oktober 2015: \u201eGebrochene Helden. Entw\u00fcrfe von M\u00e4nnlichkeit(en) in Enki Bilals dystopischer Comicwelt\u201c | Vortrag im Rahmen der Jahrestagung der Gesellschaft f\u00fcr Medienwissenschaft (GfM) \u201eUtopien. Wege aus der Gegenwart\u201c, Universit\u00e4t Bayreuth<\/li><li>Mai 2015: \u201eWonder Women &amp; Super Men. Das (performative) Wechselspiel von Gender und Genre im Medium Comic\u201c | Gastvortrag im Rahmen der interdisziplin\u00e4ren Workshop-Reihe \u201eComics als Metageschichte. Medialit\u00e4t, \u00c4sthetik, Zirkulation\u201c, Universit\u00e4t zu K\u00f6ln<\/li><li>April 2015: \u201e(Re)mediation: Comics and Film in the Digital Age\u201d | Keynote im Rahmen des Workshops \u201eMediality and Materiality of Contemporary Comics\u201d der AG Comicforschung der Gesellschaft f\u00fcr Medienwissenschaft (GfM), Eberhard Karls Universit\u00e4t T\u00fcbingen<\/li><li>September 2014: \u201eGender (re)mediated. Das grenz\u00fcberschreitende Potenzial der Figur Jill Bioskop in Comic und Film\u201c | Vortrag im Rahmen der 9. Jahrestagung der Gesellschaft f\u00fcr Comicforschung (ComFor) \u201eGrenzen ziehen, Grenzen \u00fcberschreiten\u201c, Humboldt-Universit\u00e4t zu Berlin<\/li><li>Mai 2014: \u201e\u2019John Rambo meets Polly Pocket\u2019. Vom Scheitern der Gender-Parodie im Superhelden-Comic <em>Kick-Ass<\/em>\u201c | Gastvortrag im Rahmen des InStudies Projektseminars \u201ePop und Gender in aktuellen Medienformationen \u2013 Von #aufschrei bis Pussy Riot\u201c, Ruhr-Universit\u00e4t Bochum<\/li><li>April 2014: \u201eComics und die Kategorie Gender. Ein Pl\u00e4doyer f\u00fcr das Zusammendenken medienwissenschaftlicher Comicforschung und genderorientierter Medienwissenschaft\u201c | Vortrag im Rahmen des Workshops \u201eComicforschung trifft Medienwissenschaft\u201c der GfM AG Comicforschung, Institut f\u00fcr Medienwissenschaft, Ruhr-Universit\u00e4t Bochum<\/li><li>M\u00e4rz 2014: \u201e\u2019Lost, Lonely and Lethal\u2019 \u2013 \u00dcber das Zusammenspiel von Comics und Gender am Beispiel von Frank Millers <em>Sin City<\/em>\u201c | Vortrag im Rahmen des 27. Film- und Fernsehwissenschaftlichen Kolloquiums (FFK), Department Kunstwissenschaften, Ludwig-Maximilians-Universit\u00e4t M\u00fcnchen (LMU)<\/li><li>Januar 2014: \u201e\u2019Gender Trouble\u2019 in <em>Sin City<\/em>. Zur (De)konstruktion von Gender in Frank Millers Comic Noir\u201c&nbsp;| Gastvortrag im Rahmen des Kolloquiums \u201eDiskussionsforum zur Graphischen Literatur\u201c, Arbeitsstelle f\u00fcr Graphische Literatur (ArGL), Universit\u00e4t Hamburg<\/li><li>November 2013: \u201eDas Undarstellbare darstellen \u2013 Visualisierungsstrategien des Holocaust im Comic\u201c | geladener&nbsp;Vortrag, Kunstuniversit\u00e4t Linz, MKKT und Medientheorie<\/li><li>Juni 2012: \u201eVon komischen und gezeichneten Streifen \u2013 Eine Einf\u00fchrung in die Geschichte und Entwicklung des amerikanischen und franko-belgischen Comics\u201c&nbsp;| geladener&nbsp;Vortrag&nbsp;im Rahmen der Tagung \u201eManga und Comic \u2013 Die Bild-Erz\u00e4hlung\u201c, Situation Kunst Bochum<\/li><li>Dezember 2011: \u201e\u2019Why do people want to be Paris Hilton and nobody wants to be Spider-Man?\u2019 \u2013 Gender Parodie und performative Subversion in Matthew Vaughns Kick-Ass\u201d | Vortrag im Rahmen des Symposiums \u201eComics \u2013 Intermedial &amp; Interdisziplin\u00e4r\u201c, Ruhr-Universit\u00e4t Bochum<\/li><li>November 2011: \u201e\u2019Es war einmal\u2026 war einmal?\u2019 \u2013 Gender Konstruktionen in Disney (Animations-)Filmen\u201c | geladener Vortrag im Rahmen der Veranstaltungsreihe \u201eHerstory of Comic \u2013 Gender-Konstruktionen in Comics und Disneyfilmen\u201c, Frauenkultur Leipzig<\/li><li>Oktober 2010: \u201e\u00dcberzeichnete Helden &amp; hybride Mischwesen \u2013 Subversive Geschlechterinszenierungen im Ph\u00e4nomen Comicverfilmung\u201c |&nbsp; Vortrag im Rahmen der Jahrestagung der Gesellschaft f\u00fcr Medienwissenschaft (GfM), Universit\u00e4t Potsdam<\/li><li>April 2010: \u201eVom Comic zum Film \u2013 Mediale Grenz\u00fcberschreitungen und die Konstruktion von Gender in Comicverfilmungen\u201c | Vortrag im Rahmen des 24. Film- und Fernsehwissenschaftlichen Kolloquiums (FFK), Seminar f\u00fcr Filmwissenschaft, Universit\u00e4t Z\u00fcrich<\/li><\/ul>\n\n\n\n<hr class=\"wp-block-separator\"\/>\n\n\n\n<h3 class=\"wp-block-heading\"><strong><u>Lehrveranstaltungen<\/u><\/strong><\/h3>\n\n\n\n<ul class=\"wp-block-list\"><li>WS 2017\/18 | B.A.-Seminar: <em>Inszenierungen von Geschlecht, Ethnizit\u00e4t und \u201aj\u00fcdischer Differenz\u2019 in (audio-)visuellen Medien<\/em>, Institut f\u00fcr Medienkultur und Theater, Universit\u00e4t zu K\u00f6ln<\/li><li>WS 2017\/18 | B.A.-Seminar: <em>Von Nanny Fine bis Howard Wolowitz. J\u00fcdische Identit\u00e4t(en) in Comic, Film und Fernsehen, <\/em>Institut f\u00fcr Medienwissenschaft, Philipps-Universit\u00e4t Marburg<\/li><li>SoSe 2017 | B.A.-Seminar: <em>Intersektionale Comicanalyse<\/em>, Fachgruppe Medienwissenschaft, Universit\u00e4t Bayreuth<\/li><li>SoSe 2015 | B.A.-Seminar: <em>Wonder Women &amp; Super Men \u2013 Konstruktionen von Geschlecht im Medium Comi, <\/em>Institut f\u00fcr Medienwissenschaft, Ruhr-Universit\u00e4t Bochum<\/li><li>WS 2014\/15 | B.A.-Seminar: <em>Repr\u00e4sentationen des Holocaust <\/em>(in Zusammenarbeit mit Nina Heindl, M.A.), Institut f\u00fcr Medienwissenschaft, Ruhr-Universit\u00e4t Bochum<\/li><li>WS 2013\/14 | M.A.-Seminar: <em>Comics \u2013 Die Welt der sequentiellen Kunst<\/em>, Institut f\u00fcr Medien der Kunstuniversit\u00e4t Linz, Abteilung f\u00fcr Medientheorie (Masterstudiengang Medienkultur- und Kunsttheorie)<\/li><li>WS 2012\/13 | B.A.-Seminar: <em>Comic, Manga und Bande Dessin\u00e9e \u2013 Die sequentielle Kunst im internationalen Vergleich<\/em>, Institut f\u00fcr Medienwissenschaft, Ruhr-Universit\u00e4t Bochum<\/li><li>WS 2011\/12 | B.A.-Seminar: <em>Comics \u2013 Intermedial &amp; Interdisziplin\u00e4r<\/em> (in Zusammenarbeit mit Dr. Christian Bachmann und Dr. Lars Banhold), Institut f\u00fcr Medienwissenschaft, Ruhr-Universit\u00e4t Bochum<\/li><li>WS 2010\/11 | B.A.-Seminar: <em>Comics im intermedialen Kontext<\/em>, Institut f\u00fcr Medienwissenschaft, Ruhr-Universit\u00e4t Bochum<\/li><li>WS 2009\/10 | B.A.-Seminar: <em>Comics \u2013 Die Neunte Kunst<\/em>, Institut f\u00fcr Medienwissenschaft, Ruhr-Universit\u00e4t Bochum<\/li><\/ul>\n\n\n\n<hr class=\"wp-block-separator\"\/>\n\n\n\n<h3 class=\"wp-block-heading\"><strong><u>Organisation von Veranstaltungen (Auswahl)<\/u><\/strong><\/h3>\n\n\n\n<ul class=\"wp-block-list\"><li>2018: Konzeption und Organisation der 13. Wissenschaftstagung der Gesellschaft f\u00fcr Comicforschung (ComFor), Thema: \u201eZwischenr\u00e4ume \u2013 Geschlecht, Diversit\u00e4t und Identit\u00e4t im Comic\u201c, Universit\u00e4t zu K\u00f6ln | in Zusammenarbeit mit Jun.-Prof. Dr. Christine Gundermann (K\u00f6ln) und Nina Heindl, M.A. (Bochum\/K\u00f6ln)<\/li><li>2017: Konzeption und Organisation des Workshops \u201eInterdisziplin\u00e4re Zug\u00e4nge der Animations- und Comicforschung\u201c der AG Comicforschung und AG Animation im Rahmen der Jahrestagung der Gesellschaft f\u00fcr Medienwissenschaft (GfM), FAU Erlangen-N\u00fcrnberg | eine Kooperation des Koordinationsteams der AG Comicforschung und AG Animation der GfM<\/li><li>2017: Konzeption und Organisation der interdisziplin\u00e4ren Vortragsreihe \u201eHolocaust in Kunst, Kultur und Medien\u201c, Blue Square Bochum \u2013 eine Kooperation des Instituts f\u00fcr Medienwissenschaft sowie des Kunstgeschichtlichen Instituts der Ruhr-Universit\u00e4t Bochum | in Zusammenarbeit mit Nina Heindl, M.A. (Bochum\/K\u00f6ln)<\/li><li>2017: Konzeption und Organisation des dritten Workshops der AG Comicforschung der GfM&nbsp;\u201eFormen der Selbstreflexivit\u00e4t im Medium Comic\u201c | 02. und 03.03.2017, Universit\u00e4t zu K\u00f6ln | in Zusammenarbeit mit Nina Heindl, M.A. (Bochum\/K\u00f6ln)<\/li><li>2016: Konzeption und Organisation des Symposiums \u201eZur \u00c4sthetik des Gemachten in Animation und Comic \u2013 Interdisziplin\u00e4res Symposium deutschsprachiger Animations- und Comicforschung\u201c | 09. bis 11.11.2016, Tagungszentrum der Volkswagen-Stiftung Schloss Herrenhausen Hannover | in Zusammenarbeit mit Ass. Prof. Hans-Joachim Backe (Kopenhagen), Julia Eckel, M.A. (Bochum\/Marburg), Dr. Erwin Feyersinger (T\u00fcbingen) und Dr. Jan-No\u00ebl Thon (T\u00fcbingen)<\/li><li>2014\/2015: Konzeption und Organisation der Workshop-Reihe \u201eHolocaust im Comic. \u00dcber die Repr\u00e4sentation des Un-Darstellbaren in der sequenziellen Kunst\u201c \u2013 ein Projekt des Alfried Krupp-Sch\u00fclerlabors in Kooperation mit der Fakult\u00e4t f\u00fcr Geschichtswissenschaften und der Fakult\u00e4t f\u00fcr Philologie der Ruhr-Universit\u00e4t Bochum | in Zusammenarbeit mit Nina Heindl, M.A. (Bochum\/K\u00f6ln)<\/li><li>2014\/2015: Konzeption und Organisation der interdisziplin\u00e4ren Vortragsreihe \u201eRepr\u00e4sentationen des Holocaust\u201c, Universit\u00e4tsbibliothek Bochum \u2013 eine Kooperation des Instituts f\u00fcr Medienwissenschaft sowie des Kunstgeschichtlichen Instituts der Ruhr-Universit\u00e4t Bochum | in Zusammenarbeit mit Nina Heindl, M.A. (Bochum\/K\u00f6ln)<\/li><li>2014\/2015: Kuratorin der Ausstellung \u201eHolocaust im Comic\u201c, Universit\u00e4tsbibliothek Bochum | in Zusammenarbeit mit Nina Heindl, M.A. (Bochum\/K\u00f6ln)<\/li><li>2014: Konzeption und Organisation des ersten Workshops der AG Comicforschung der GfM&nbsp;\u201eComicforschung trifft Medienwissenschaft\u201c \u2013 25. und 26.04.2014, Ruhr-Universit\u00e4t Bochum | in Zusammenarbeit mit Ass. Prof. Hans-Joachim Backe (Kopenhagen)<\/li><li>2011: Konzeption und Organisation des Symposiums \u201eComics \u2013 Intermedial &amp; Interdisziplin\u00e4r\u201c \u2013 09. und 10.12. 2011, Ruhr-Universit\u00e4t Bochum (eine Kooperation des Instituts f\u00fcr Medienwissenschaft, des Lehrstuhls f\u00fcr Vergleichende Literaturwissenschaften und des Lehrstuhls f\u00fcr American Studies der RUB) | in Zusammenarbeit mit Christian Bachmann (Bochum) und Lars Banhold (Bochum)<\/li><\/ul>\n\n\n\n<hr class=\"wp-block-separator\"\/>\n\n\n\n<h3 class=\"wp-block-heading\">Forschungsnetzwerke und Mitgliedschaften<\/h3>\n\n\n\n<ul class=\"wp-block-list\"><li>seit 2009: Mitglied der Gesellschaft f\u00fcr Medienwissenschaft (GfM); hier Mitglied der \u201aAG Animation\u2019, \u201aAG Filmwissenschaft, \u201aAG Popul\u00e4rkultur und Medien\u2019, \u201aAG Gender\/Queer Studies und Medienwissenschaft\u2019; assoziiertes Mitglied der \u201aAG Partizipations- und Fanforschung\u2019<\/li><li>seit 2010: Mitglied des European Network for Cinema and Media Studies (NECS)<\/li><li>2010 \u2013 2014: Mitglied der Gesellschaft f\u00fcr Comicforschung (ComFor)<\/li><li>seit 2013: Gr\u00fcndungsmitglied und Sprecherin der \u201aAG Comicforschung\u2019 der Gesellschaft f\u00fcr Medienwissenschaft<\/li><li>seit 2014: Gr\u00fcndungsmitglied der Gesellschaft f\u00fcr Comicforschung e.V. (ComFor)<\/li><li>seit 2014: Mitglied des Netzwerk Frauen- und Geschlechterforschung NRW<\/li><li>seit 2014: Mitglied der FG Gender \u2013 Fachgesellschaft Geschlechterstudien\/Gender Studies Association<\/li><li>seit 2016: Gr\u00fcndungsmitglied der Comics Studies Society (CSS)<\/li><li>seit 2017: Mitglied der Kulturwissenschaftlichen Gesellschaft (KWG)<\/li><\/ul>\n\n\n\n<p><\/p>\n\n\n\n<p><\/p>\n\n\n\n<p><\/p>\n\n\n\n<p><\/p>\n","protected":false},"excerpt":{"rendered":"<p>(Associated Member from 10\/2017\u201309\/2019) Contact E-Mail: veronique.sina@rub.de PostDoc project:&nbsp;Discursive Constructions of Cultural Jewish Identities in (Audio-)Visual Media (working title) Titel<\/p>\n","protected":false},"author":7,"featured_media":0,"parent":1426,"menu_order":0,"comment_status":"closed","ping_status":"closed","template":"","meta":{"colormag_page_container_layout":"default_layout","colormag_page_sidebar_layout":"default_layout","_uag_custom_page_level_css":"","ngg_post_thumbnail":0,"footnotes":""},"class_list":["post-1614","page","type-page","status-publish","hentry"],"translation":{"provider":"WPGlobus","version":"3.0.2","language":"en","enabled_languages":["de","en"],"languages":{"de":{"title":true,"content":true,"excerpt":false},"en":{"title":true,"content":true,"excerpt":false}}},"yoast_head":"<!-- This site is optimized with the Yoast SEO plugin v27.5 - https:\/\/yoast.com\/product\/yoast-seo-wordpress\/ -->\n<title>V\u00e9ronique Sina, Dr.  - GRK Das Dokumentarische. Exzess und Entzug<\/title>\n<meta name=\"robots\" content=\"index, follow, max-snippet:-1, max-image-preview:large, max-video-preview:-1\" \/>\n<link rel=\"canonical\" href=\"https:\/\/das-dokumentarische.blogs.ruhr-uni-bochum.de\/assoziierte-mitglieder\/veronique-sina\/\" \/>\n<meta property=\"og:locale\" content=\"en_US\" \/>\n<meta property=\"og:type\" content=\"article\" \/>\n<meta property=\"og:title\" content=\"V\u00e9ronique Sina, Dr.  - GRK Das Dokumentarische. Exzess und Entzug\" \/>\n<meta property=\"og:url\" content=\"https:\/\/das-dokumentarische.blogs.ruhr-uni-bochum.de\/assoziierte-mitglieder\/veronique-sina\/\" \/>\n<meta property=\"og:site_name\" content=\"GRK Das Dokumentarische. Exzess und Entzug\" \/>\n<meta property=\"article:modified_time\" content=\"2022-04-20T10:20:40+00:00\" \/>\n<meta property=\"og:image\" content=\"https:\/\/das-dokumentarische.blogs.ruhr-uni-bochum.de\/wp-content\/uploads\/2017\/10\/Sina_portrait-700x700.jpg\" \/>\n<meta name=\"twitter:card\" content=\"summary_large_image\" \/>\n<meta name=\"twitter:label1\" content=\"Est. reading time\" \/>\n\t<meta name=\"twitter:data1\" content=\"17 minutes\" \/>\n<script type=\"application\/ld+json\" class=\"yoast-schema-graph\">{\"@context\":\"https:\\\/\\\/schema.org\",\"@graph\":[{\"@type\":\"WebPage\",\"@id\":\"https:\\\/\\\/das-dokumentarische.blogs.ruhr-uni-bochum.de\\\/assoziierte-mitglieder\\\/veronique-sina\\\/\",\"url\":\"https:\\\/\\\/das-dokumentarische.blogs.ruhr-uni-bochum.de\\\/assoziierte-mitglieder\\\/veronique-sina\\\/\",\"name\":\"V\u00e9ronique Sina, Dr. - GRK Das Dokumentarische. Exzess und Entzug\",\"isPartOf\":{\"@id\":\"https:\\\/\\\/das-dokumentarische.blogs.ruhr-uni-bochum.de\\\/en\\\/#website\"},\"primaryImageOfPage\":{\"@id\":\"https:\\\/\\\/das-dokumentarische.blogs.ruhr-uni-bochum.de\\\/assoziierte-mitglieder\\\/veronique-sina\\\/#primaryimage\"},\"image\":{\"@id\":\"https:\\\/\\\/das-dokumentarische.blogs.ruhr-uni-bochum.de\\\/assoziierte-mitglieder\\\/veronique-sina\\\/#primaryimage\"},\"thumbnailUrl\":\"https:\\\/\\\/das-dokumentarische.blogs.ruhr-uni-bochum.de\\\/wp-content\\\/uploads\\\/2017\\\/10\\\/Sina_portrait-700x700.jpg\",\"datePublished\":\"2017-10-03T10:03:31+00:00\",\"dateModified\":\"2022-04-20T10:20:40+00:00\",\"breadcrumb\":{\"@id\":\"https:\\\/\\\/das-dokumentarische.blogs.ruhr-uni-bochum.de\\\/assoziierte-mitglieder\\\/veronique-sina\\\/#breadcrumb\"},\"inLanguage\":\"en-US\",\"potentialAction\":[{\"@type\":\"ReadAction\",\"target\":[\"https:\\\/\\\/das-dokumentarische.blogs.ruhr-uni-bochum.de\\\/assoziierte-mitglieder\\\/veronique-sina\\\/\"]}]},{\"@type\":\"ImageObject\",\"inLanguage\":\"en-US\",\"@id\":\"https:\\\/\\\/das-dokumentarische.blogs.ruhr-uni-bochum.de\\\/assoziierte-mitglieder\\\/veronique-sina\\\/#primaryimage\",\"url\":\"https:\\\/\\\/das-dokumentarische.blogs.ruhr-uni-bochum.de\\\/wp-content\\\/uploads\\\/2017\\\/10\\\/Sina_portrait-700x700.jpg\",\"contentUrl\":\"https:\\\/\\\/das-dokumentarische.blogs.ruhr-uni-bochum.de\\\/wp-content\\\/uploads\\\/2017\\\/10\\\/Sina_portrait-700x700.jpg\"},{\"@type\":\"BreadcrumbList\",\"@id\":\"https:\\\/\\\/das-dokumentarische.blogs.ruhr-uni-bochum.de\\\/assoziierte-mitglieder\\\/veronique-sina\\\/#breadcrumb\",\"itemListElement\":[{\"@type\":\"ListItem\",\"position\":1,\"name\":\"Startseite\",\"item\":\"https:\\\/\\\/das-dokumentarische.blogs.ruhr-uni-bochum.de\\\/en\\\/\"},{\"@type\":\"ListItem\",\"position\":2,\"name\":\"Assoziierte Mitglieder\",\"item\":\"https:\\\/\\\/das-dokumentarische.blogs.ruhr-uni-bochum.de\\\/assoziierte-mitglieder\\\/\"},{\"@type\":\"ListItem\",\"position\":3,\"name\":\"Dr. V\u00e9ronique Sina\"}]},{\"@type\":\"WebSite\",\"@id\":\"https:\\\/\\\/das-dokumentarische.blogs.ruhr-uni-bochum.de\\\/en\\\/#website\",\"url\":\"https:\\\/\\\/das-dokumentarische.blogs.ruhr-uni-bochum.de\\\/en\\\/\",\"name\":\"GRK Das Dokumentarische. Exzess und Entzug\",\"description\":\"\",\"potentialAction\":[{\"@type\":\"SearchAction\",\"target\":{\"@type\":\"EntryPoint\",\"urlTemplate\":\"https:\\\/\\\/das-dokumentarische.blogs.ruhr-uni-bochum.de\\\/en\\\/?s={search_term_string}\"},\"query-input\":{\"@type\":\"PropertyValueSpecification\",\"valueRequired\":true,\"valueName\":\"search_term_string\"}}],\"inLanguage\":\"en-US\"}]}<\/script>\n<!-- \/ Yoast SEO plugin. -->","yoast_head_json":{"title":"V\u00e9ronique Sina, Dr.  - GRK Das Dokumentarische. Exzess und Entzug","robots":{"index":"index","follow":"follow","max-snippet":"max-snippet:-1","max-image-preview":"max-image-preview:large","max-video-preview":"max-video-preview:-1"},"canonical":"https:\/\/das-dokumentarische.blogs.ruhr-uni-bochum.de\/assoziierte-mitglieder\/veronique-sina\/","og_locale":"en_US","og_type":"article","og_title":"V\u00e9ronique Sina, Dr.  - GRK Das Dokumentarische. Exzess und Entzug","og_url":"https:\/\/das-dokumentarische.blogs.ruhr-uni-bochum.de\/assoziierte-mitglieder\/veronique-sina\/","og_site_name":"GRK Das Dokumentarische. Exzess und Entzug","article_modified_time":"2022-04-20T10:20:40+00:00","og_image":[{"url":"https:\/\/das-dokumentarische.blogs.ruhr-uni-bochum.de\/wp-content\/uploads\/2017\/10\/Sina_portrait-700x700.jpg","type":"","width":"","height":""}],"twitter_card":"summary_large_image","twitter_misc":{"Est. reading time":"17 minutes"},"schema":{"@context":"https:\/\/schema.org","@graph":[{"@type":"WebPage","@id":"https:\/\/das-dokumentarische.blogs.ruhr-uni-bochum.de\/assoziierte-mitglieder\/veronique-sina\/","url":"https:\/\/das-dokumentarische.blogs.ruhr-uni-bochum.de\/assoziierte-mitglieder\/veronique-sina\/","name":"V\u00e9ronique Sina, Dr. - GRK Das Dokumentarische. Exzess und Entzug","isPartOf":{"@id":"https:\/\/das-dokumentarische.blogs.ruhr-uni-bochum.de\/en\/#website"},"primaryImageOfPage":{"@id":"https:\/\/das-dokumentarische.blogs.ruhr-uni-bochum.de\/assoziierte-mitglieder\/veronique-sina\/#primaryimage"},"image":{"@id":"https:\/\/das-dokumentarische.blogs.ruhr-uni-bochum.de\/assoziierte-mitglieder\/veronique-sina\/#primaryimage"},"thumbnailUrl":"https:\/\/das-dokumentarische.blogs.ruhr-uni-bochum.de\/wp-content\/uploads\/2017\/10\/Sina_portrait-700x700.jpg","datePublished":"2017-10-03T10:03:31+00:00","dateModified":"2022-04-20T10:20:40+00:00","breadcrumb":{"@id":"https:\/\/das-dokumentarische.blogs.ruhr-uni-bochum.de\/assoziierte-mitglieder\/veronique-sina\/#breadcrumb"},"inLanguage":"en-US","potentialAction":[{"@type":"ReadAction","target":["https:\/\/das-dokumentarische.blogs.ruhr-uni-bochum.de\/assoziierte-mitglieder\/veronique-sina\/"]}]},{"@type":"ImageObject","inLanguage":"en-US","@id":"https:\/\/das-dokumentarische.blogs.ruhr-uni-bochum.de\/assoziierte-mitglieder\/veronique-sina\/#primaryimage","url":"https:\/\/das-dokumentarische.blogs.ruhr-uni-bochum.de\/wp-content\/uploads\/2017\/10\/Sina_portrait-700x700.jpg","contentUrl":"https:\/\/das-dokumentarische.blogs.ruhr-uni-bochum.de\/wp-content\/uploads\/2017\/10\/Sina_portrait-700x700.jpg"},{"@type":"BreadcrumbList","@id":"https:\/\/das-dokumentarische.blogs.ruhr-uni-bochum.de\/assoziierte-mitglieder\/veronique-sina\/#breadcrumb","itemListElement":[{"@type":"ListItem","position":1,"name":"Startseite","item":"https:\/\/das-dokumentarische.blogs.ruhr-uni-bochum.de\/en\/"},{"@type":"ListItem","position":2,"name":"Assoziierte Mitglieder","item":"https:\/\/das-dokumentarische.blogs.ruhr-uni-bochum.de\/assoziierte-mitglieder\/"},{"@type":"ListItem","position":3,"name":"Dr. V\u00e9ronique Sina"}]},{"@type":"WebSite","@id":"https:\/\/das-dokumentarische.blogs.ruhr-uni-bochum.de\/en\/#website","url":"https:\/\/das-dokumentarische.blogs.ruhr-uni-bochum.de\/en\/","name":"GRK Das Dokumentarische. Exzess und Entzug","description":"","potentialAction":[{"@type":"SearchAction","target":{"@type":"EntryPoint","urlTemplate":"https:\/\/das-dokumentarische.blogs.ruhr-uni-bochum.de\/en\/?s={search_term_string}"},"query-input":{"@type":"PropertyValueSpecification","valueRequired":true,"valueName":"search_term_string"}}],"inLanguage":"en-US"}]}},"uagb_featured_image_src":{"full":false,"thumbnail":false,"medium":false,"medium_large":false,"large":false,"1536x1536":false,"2048x2048":false,"ultp_layout_landscape_large":false,"ultp_layout_landscape":false,"ultp_layout_portrait":false,"ultp_layout_square":false,"colormag-highlighted-post":false,"colormag-featured-post-medium":false,"colormag-featured-post-small":false,"colormag-featured-image":false,"colormag-default-news":false,"colormag-featured-image-large":false},"uagb_author_info":{"display_name":"das-dokumentarische","author_link":"https:\/\/das-dokumentarische.blogs.ruhr-uni-bochum.de\/en\/author\/dasdoxs6\/"},"uagb_comment_info":0,"uagb_excerpt":"(Associated Member from 10\/2017\u201309\/2019) Contact E-Mail: veronique.sina@rub.de PostDoc project:&nbsp;Discursive Constructions of Cultural Jewish Identities in (Audio-)Visual Media (working title) Titel","_links":{"self":[{"href":"https:\/\/das-dokumentarische.blogs.ruhr-uni-bochum.de\/en\/wp-json\/wp\/v2\/pages\/1614","targetHints":{"allow":["GET"]}}],"collection":[{"href":"https:\/\/das-dokumentarische.blogs.ruhr-uni-bochum.de\/en\/wp-json\/wp\/v2\/pages"}],"about":[{"href":"https:\/\/das-dokumentarische.blogs.ruhr-uni-bochum.de\/en\/wp-json\/wp\/v2\/types\/page"}],"author":[{"embeddable":true,"href":"https:\/\/das-dokumentarische.blogs.ruhr-uni-bochum.de\/en\/wp-json\/wp\/v2\/users\/7"}],"replies":[{"embeddable":true,"href":"https:\/\/das-dokumentarische.blogs.ruhr-uni-bochum.de\/en\/wp-json\/wp\/v2\/comments?post=1614"}],"version-history":[{"count":14,"href":"https:\/\/das-dokumentarische.blogs.ruhr-uni-bochum.de\/en\/wp-json\/wp\/v2\/pages\/1614\/revisions"}],"predecessor-version":[{"id":8407,"href":"https:\/\/das-dokumentarische.blogs.ruhr-uni-bochum.de\/en\/wp-json\/wp\/v2\/pages\/1614\/revisions\/8407"}],"up":[{"embeddable":true,"href":"https:\/\/das-dokumentarische.blogs.ruhr-uni-bochum.de\/en\/wp-json\/wp\/v2\/pages\/1426"}],"wp:attachment":[{"href":"https:\/\/das-dokumentarische.blogs.ruhr-uni-bochum.de\/en\/wp-json\/wp\/v2\/media?parent=1614"}],"curies":[{"name":"wp","href":"https:\/\/api.w.org\/{rel}","templated":true}]}}