{"id":10904,"date":"2023-12-20T16:13:02","date_gmt":"2023-12-20T15:13:02","guid":{"rendered":"https:\/\/das-dokumentarische.blogs.ruhr-uni-bochum.de\/?page_id=10904"},"modified":"2024-11-28T09:35:54","modified_gmt":"2024-11-28T08:35:54","slug":"philipp-hohmann-m-a","status":"publish","type":"page","link":"https:\/\/das-dokumentarische.blogs.ruhr-uni-bochum.de\/en\/koordination-administration\/philipp-hohmann-m-a\/","title":{"rendered":"Philipp Hohmann, M.A. (promoviert)"},"content":{"rendered":"\n<div class=\"wp-block-media-text alignwide is-stacked-on-mobile\" style=\"grid-template-columns:20% auto\"><figure class=\"wp-block-media-text__media\"><img loading=\"lazy\" decoding=\"async\" width=\"674\" height=\"674\" src=\"https:\/\/das-dokumentarische.blogs.ruhr-uni-bochum.de\/wp-content\/uploads\/2020\/05\/hohmann_02_fin.jpg\" alt=\"\" class=\"wp-image-5306 size-full\" srcset=\"https:\/\/das-dokumentarische.blogs.ruhr-uni-bochum.de\/wp-content\/uploads\/2020\/05\/hohmann_02_fin.jpg 674w, https:\/\/das-dokumentarische.blogs.ruhr-uni-bochum.de\/wp-content\/uploads\/2020\/05\/hohmann_02_fin-300x300.jpg 300w, https:\/\/das-dokumentarische.blogs.ruhr-uni-bochum.de\/wp-content\/uploads\/2020\/05\/hohmann_02_fin-150x150.jpg 150w, https:\/\/das-dokumentarische.blogs.ruhr-uni-bochum.de\/wp-content\/uploads\/2020\/05\/hohmann_02_fin-600x600.jpg 600w\" sizes=\"auto, (max-width: 674px) 100vw, 674px\" \/><\/figure><div class=\"wp-block-media-text__content\">\n<p>Universit\u00e4tsstr.&nbsp;105<br>44789 Bochum<br>Raum:&nbsp;UNI 105, 3\/32<\/p>\n\n\n\n<p>E-Mail: philipp.hohmann@ruhr-uni-bochum.de<\/p>\n<\/div><\/div>\n\n\n\n<hr class=\"wp-block-separator has-css-opacity\"\/>\n\n\n\n<h4 class=\"wp-block-heading\"><strong><u>Titel der Dissertation<\/u><\/strong><\/h4>\n\n\n\n<p><em>Queere Kollektivit\u00e4t in den Arbeiten von Antonia Baehr und Boudry\/Lorenz: Medialit\u00e4t, Performance, (Selbst-)Dokumentation<\/em>.<\/p>\n\n\n\n<h4 class=\"wp-block-heading\"><strong><u>Projektbeschreibung<\/u><\/strong><\/h4>\n\n\n\n<p>Die Dissertation verhandelt in Close-Readings, medien-, theater- und queertheoretischen Reflexionen die Arbeiten der K\u00fcnstler_innen Antonia Baehr, Pauline Boudry\/Renate Lorenz sowie deren \u00e4sthetisch-epistemisches Potenzial Formen Queerer Kollektivit\u00e4t denk- und wahrnehmbar zu machen. Der Begriff Queere Kollektivit\u00e4t wird im Dialog mit den k\u00fcnstlerischen Praktiken entwickelt, die in langj\u00e4hrigen Formen der Zusammenarbeit entstehen in denen sich die Dimensionen von Produktion, sozialen Beziehungen und \u00c4sthetik verschr\u00e4nken. Es wird aufgezeigt inwiefern ausgew\u00e4hlte Arbeiten Baehrs, Boudry\/Lorenz\u2018 und einer Reihe weiterer K\u00fcnstler_innen verschiedentlich eine Erforschung und Verunsicherung von K\u00f6rper-, Identit\u00e4ts-, Begehrens- und Geschlechtergrenzen vorantreiben. Neben Drag-Praktiken spielen dabei Scores und Handlungsanweisen eine wichtige Rolle, ebenso wie die Grenzbereiche verschiedener Formen der (Re-)Mediatisierung zwischen B\u00fchne\/Performance, Film\/Video, Installation und Schrift\/Notation. <br><br>Queere Kollektivit\u00e4t denk- und wahrnehmbar zu machen, wird in dieser Monographie als eine Arbeit an bestehenden Normen der Subjektivierung und einer Ordnung der Anerkennung verhandelt sowie deren konstitutiven Prinzipien des Ein- und Ausschlusses, der Konstitution eines notwendigen Au\u00dfen. Strukturiert ist die Forschungsarbeit in drei Kapitel, die sich heuristisch an Formen der pronominalen Selbst- und Fremdbezeichnung orientieren und zugleich aufzeigen, inwiefern queere Kollektivit\u00e4t deren Rahmen sprengt. So geht es etwa um die Destabilisierung eines koh\u00e4renten &#8216;Ichs&#8217;, um die Abarbeitung an der dritten Person in der gewaltvollen (bild-)medialen Konstitution eines geschlechtlich-sexuellen Anderen sowie um die Frage nach der M\u00f6glichkeit eines &#8216;Wirs&#8217;, jenseits einer sich nach Au\u00dfen hin abschlie\u00dfenden Zugeh\u00f6rigkeit. <\/p>\n\n\n\n<p><\/p>\n\n\n\n<p><\/p>\n\n\n\n<p><\/p>\n\n\n\n<h4 class=\"wp-block-heading\"><strong><u>Wissenschaftlicher Werdegang<\/u><\/strong><\/h4>\n\n\n\n<ul class=\"wp-block-list\">\n<li>Mai 2024: Promotion, <em>Queere Kollektivit\u00e4t in den Arbeiten von Antonia Baehr und Boudry\/Lorenz: Medialit\u00e4t, Performance, (Selbst-)Dokumentation, <\/em>(Summa Cum Laude); 1. Pr\u00fcferin: Prof. Astrid Deuber-Mankowsky, 2. Pr\u00fcfer: Prof. Dr. J\u00f6rn Etzold<\/li>\n\n\n\n<li>Seit Oktober 2019: Wissenschaftlicher Mitarbeiter (Promotion) am DFG-Graduiertenkolleg \u201eDas Dokumentarische. Exzess und Entzug\u201c, Ruhr-Universit\u00e4t Bochum.<\/li>\n\n\n\n<li>Seit Oktober\/2017: Masterstudium \u201eGender Studies und Theaterwissenschaft\u201c, Ruhr-Universit\u00e4t Bochum<\/li>\n\n\n\n<li>April\/2017 bis September\/2019: Masterstudium \u201eSzenische Forschung\u201c, Ruhr-Universit\u00e4t Bochum<\/li>\n\n\n\n<li>Oktober\/2013 bis M\u00e4rz\/2017: Bachelorstudium \u201eTheaterwissenschaft und Wirtschaftswissenschaft (BWL)\u201c, Ruhr-Universit\u00e4t Bochum<\/li>\n<\/ul>\n\n\n\n<p><\/p>\n\n\n\n<h4 class=\"wp-block-heading\"><strong><u>Publikationen<\/u><\/strong><\/h4>\n\n\n\n<p><strong>2025<\/strong><\/p>\n\n\n\n<ul class=\"wp-block-list\">\n<li>(in Vorbereitung) <em>Queere Kollektivit\u00e4t in den Arbeiten von Antonia Baehr und Boudry\/Lorenz: Medialit\u00e4t, Performance, (Selbst-)Dokumentation<\/em>, Dissertationsschrift.<\/li>\n<\/ul>\n\n\n\n<ul class=\"wp-block-list\">\n<li>(in Vorbereitung) \u201eA Dialogue on Drag and Materialism(s)\u201c, gemeinsam mit Olympia Bukkakis, in: Jenny Schr\u00f6dl\/Samu\/elle Striewsky (Hg.), <em>Drag, hier und heute!, <\/em>erscheint 2025 bei Neofelis<\/li>\n<\/ul>\n\n\n\n<ul class=\"wp-block-list\">\n<li>(in Vorbereitung) \u201eI am the one who\u2026Zum Verh\u00e4ltnis von (Selbst-)Dokumentation, Autofiktion und Queerer Kollektivit\u00e4t mit Antonia Baehr und Neo H\u00fclcker\u201c, in: <em>TFMJ. Journal for Theater, Film and Media Studies<\/em><\/li>\n<\/ul>\n\n\n\n<ul class=\"wp-block-list\">\n<li>(in Vorbereitung) <a>\u201cSeeing Infinity from Finite Grounds: Planetary Visions in Jessica MacMillan\u2019s <em>Time Line<\/em> and <em>Everyday Moons<\/em><\/a>\u201d, gemeinsam mit Lana Uzarashvili, in: Anne Hemkendreis (Hg.), <em>Unendlichkeit \u2013 Leere \u2013 Lebendigkeit<\/em>, begleitende Publikation zur gleichnamigen Ausstellung im Planetarium Hamburg, 25.01.-31.05.2025<\/li>\n<\/ul>\n\n\n\n<p><strong>2024<\/strong><\/p>\n\n\n\n<ul class=\"wp-block-list\">\n<li>\u201eFeministisch(e) Filmgeschichte kuratieren\u201c, Bericht zum Festival <em>Feminist Elsewheres<\/em>, in: <em>Zeitschrift f\u00fcr Medienwissenschaft, ZfM Online, GAAAP_ The Blog <\/em>27.05.2024, <a href=\"https:\/\/zfmedienwissenschaft.de\/online\/feministische-filmgeschichte-kuratieren\">https:\/\/zfmedienwissenschaft.de\/online\/feministische-filmgeschichte-kuratieren<\/a>.<\/li>\n<\/ul>\n\n\n\n<ul class=\"wp-block-list\">\n<li>\u201eTrauer, Verwerfung und zwei Formen der Anerkennung. Reparative Praktiken und relationale Kritik mit Lauren Berlant, Talya Feldman und Boudry\/Lorenz\u201c, gemeinsam mit Jasmin Degeling, in: Charlotte Bolwin\/Katia Schwerzmann et. Al. (Hg.), <em>Szenen kritischer Relationalit\u00e4t<\/em>, L\u00fcneburg: Meson Press, 2024, S. 79\u2013102.<\/li>\n<\/ul>\n\n\n\n<p><strong>2022<\/strong><\/p>\n\n\n\n<ul class=\"wp-block-list\">\n<li><em>Text\\Werk. Lekt\u00fcren zu Hito Steyerl<\/em>, gemeinsame Herausgeberschaft mit Lilian Haberer, Anna Polze, Julia Reich, Jolanda Wessel,Berlin: Hatje Cantz\n<ul class=\"wp-block-list\">\n<li>Darin diverse eigene Beitr\u00e4ge u.a.: \u201eDer Essay als Installation? \u00dcberlegungen zu <em>Mission Accomplished: BELANCIEGE<\/em>\u201c<\/li>\n<\/ul>\n<\/li>\n<\/ul>\n\n\n\n<ul class=\"wp-block-list\">\n<li>\u201eAnder(e)s bilden. N.O.Body als queere kuratorische Intervention in Magnus Hirschfelds Bilderteil\u201c, in: <em>Medienkomparatistik<\/em>, 3. Jahrgang \u201eKuratieren als medienkomparatistische Methode\u201c, Bielefeld: Aisthesis, 2022, S. 165\u2013181.<\/li>\n<\/ul>\n\n\n\n<ul class=\"wp-block-list\">\n<li>\u201eEin Mangel und ein Begehren: Theaterwissenschaft &amp; Queer Theory\u201c, in: Beate Hochholdinger-Reiterer, Nikolaus M\u00fcller-Sch\u00f6ll et. Al. (Hg.):<em>Zwischenstand: Was hei\u00dft es, sich im Forschungsfeld Theaterwissenschaft zu orientieren?<\/em>\u00a0 <em>Thewis. Online-Zeitschrift der Gesellschaft f\u00fcr Theaterwissenschaft<\/em>, 9 (1), S. 52\u201364. DOI 10.21248\/thewis.9.2022.110, CC BY4.0<\/li>\n<\/ul>\n\n\n\n<ul class=\"wp-block-list\">\n<li>\u201eKatrin K\u00f6ppert: Queer Pain: Schmerz als Solidarisierung, Fotografie als Affizierung: Zu den Fotografien von Albrecht Becker aus den 1920er bis 1990er Jahren.\u201c, in: <em>MEDIENwissenschaft: Rezensionen | Reviews<\/em>, 39 (3), S. 287-288. DOI: <a href=\"http:\/\/dx.doi.org\/10.25969\/mediarep\/18906\">http:\/\/dx.doi.org\/10.25969\/mediarep\/18906<\/a>.<\/li>\n<\/ul>\n\n\n\n<ul class=\"wp-block-list\">\n<li>\u201eDrag or Drop. Queere Methodologie zum Umgang mit (un-)geliebten Begriffen\u201c, gemeinsam mit Elisa Linseisen, in: <em>nocturne<\/em>, 2022. Online verf\u00fcgbar unter: <a href=\"http:\/\/nocturne-plattform.de\/text\/drag-or-drop\">http:\/\/nocturne-plattform.de\/text\/drag-or-drop<\/a><\/li>\n<\/ul>\n\n\n\n<ul class=\"wp-block-list\">\n<li>\u201eTheoriepolitiken des \u00dcberlebens: Trauerarbeit mit Lauren Berlant\u201c, gemeinsam mit Jasmin Degeling, in: <em>Texte zur Kunst<\/em>, 32. Jahrgang, Heft 126, Juni 2022, S. 153\u2013157.<\/li>\n<\/ul>\n\n\n\n<p><strong>2020<\/strong><\/p>\n\n\n\n<ul class=\"wp-block-list\">\n<li>\u201e\u0417\u0443\u0441\u0442\u0440\u0456\u0447\/\u041f\u0435\u0440\u0444\u043e\u0440\u043c\u0430\u043d\u0441\u0438. Begegnung\/Performance. Encounter\/Performance\u201c, in<em>: Crossing. <\/em><em>\u041d\u0456\u043c\u0435\u0447\u0447\u0438\u043d\u0430<\/em><em>.\u00a0<\/em>\u0413\u0430\u043b\u0435\u0440\u0435\u044f \u0410\u0440\u0442\u0441\u0432\u0456\u0442 [Artsvit Gallery] &amp; PAErsche Aktions-Labor e.V (Hg.), Dnipro (Ukraine) 2020, o. S.<\/li>\n<\/ul>\n\n\n\n<p><strong>2018<\/strong><\/p>\n\n\n\n<ul class=\"wp-block-list\">\n<li>\u201eUnzeitgem\u00e4\u00dfe Betrachtung: Lenz mit Nietzsche lesen\u201c, in: <em>Thewis. Ausgabe 2018: \u201e<\/em>Flackernde Formen \u2013 Theater und Poetik bei J.M.R. Lenz\u201c, online verf\u00fcgbar unter: <a href=\"http:\/\/www.theater-wissenschaft.de\/poetologie-verwandtschaften-unzeitgemaesse-betrachtung-lenz-mit-nietzsche-lesen\/\">http:\/\/www.theater-wissenschaft.de\/poetologie-verwandtschaften-unzeitgemaesse-betrachtung-lenz-mit-nietzsche-lesen\/<\/a><\/li>\n<\/ul>\n\n\n\n<p><strong>Lehre &amp; Workshops<\/strong><\/p>\n\n\n\n<ul class=\"wp-block-list\">\n<li>WiSe 2024\/25, K\u00f6rper: Denken, Wissen, Politik. Affirmation des K\u00f6rperlichen in emanzipativer Kritik und \u00e4sthetischer Praxis \u2013 (interdisziplin\u00e4res) Masterseminar f\u00fcr Studierende der Film-, Theater-, Kulturwissenschaft, Johannes Gutenberg-Universit\u00e4t Mainz<\/li>\n<\/ul>\n\n\n\n<ul class=\"wp-block-list\">\n<li>SoSe 2024, \u201eVon K\u00f6rpern, Kameras, B\u00fchnen und Begehren \u2013 Queer-Feministische Video-Performance\u201c \u2013 Hauptseminar im Modul Film\/Fernsehen\/Neue Medien, Filmwissenschaft, Johannes Gutenberg-Universit\u00e4t Mainz<\/li>\n<\/ul>\n\n\n\n<ul class=\"wp-block-list\">\n<li>SoSe 2024, mit Elena Pilipets &amp; Tatjana S\u00f6ding \u201e<strong>Narrative und \u00dcberschneidungen von Delegitimierung: Dokumentation, Analyse, Reaktion<\/strong>\u201c, Workshop Track auf der \u201eSpring School: Climate Justice and Antifascist Futures\u201d, interdisziplin\u00e4rer mehrt\u00e4gige Veranstaltung f\u00fcr Studierendende, Wissenschaftler_innen und Journalist_innen, Ruhr-Universit\u00e4t Bochum, 12.\u201314.04.2024<\/li>\n<\/ul>\n\n\n\n<ul class=\"wp-block-list\">\n<li>WS 2023\/24, Gastvortrag &amp; Sitzungsgestaltung im Seminar \u201eWHOSE BODY, WHOSE CHOICE? \u2013 K\u00d6RPER ALS MEDIATISIERTE SCHAUPL\u00c4TZE VON DIFFERENZ\u201c, mit Dr. des. Sarah Horn, Johannes Gutenberg-Universit\u00e4t Mainz<\/li>\n<\/ul>\n\n\n\n<ul class=\"wp-block-list\">\n<li>WS 2022\/23, \u201eResearch at Risk. Ringvorlesung und Begleitseminar\u201c, Institut f\u00fcr Medienwissenschaft, Ruhr-Universit\u00e4t Bochum.<br>Die Ringvorlesung wurde vom Arbeitskreis \u201eResearch at Risk\u201c, einem Zusammenschluss von Medien- und Theaterwissenschaftler_innen verschiedener Universit\u00e4ten organisiert.<\/li>\n\n\n\n<li>SoSe 2021, Ringvorlesung, <em>Das Dokumentarische III<\/em>, Interdisziplin\u00e4re Vorlesung, Ruhr-Universit\u00e4t Bochum, Vortrag am 17.06.2021<\/li>\n<\/ul>\n\n\n\n<ul class=\"wp-block-list\">\n<li>WS 2021\/22, Sitzungsgestaltung im medienwissenschaftlichen Modul \u201eWissenschaftssystematik\u201c mit Astrid Deuber-Mankowsky, Institut f\u00fcr Medienwissenschaft, Ruhr-Universit\u00e4t Bochum.<\/li>\n<\/ul>\n\n\n\n<ul class=\"wp-block-list\">\n<li>WS 2020\/21, \u201eDrag or Drop? Queere Methodologie zum Umgang mit (un-)geliebten Begriffen\u201c Workshop mit Elisa Linseisen am Graduiertenkolleg \u201eDas Dokumentarische\u201c und im Rahmen vom 34. Film- und Fernsehwissenschaftlichen Kolloquium (FFK), Bauhaus Universit\u00e4t Weimar 2021<\/li>\n<\/ul>\n\n\n\n<ul class=\"wp-block-list\">\n<li>SoSe 2019: Einf\u00fchrendes Seminar \u201eMit Abschweifungen und Umwegen \u2013 Szenische Forschung studieren\u201c, Szenische Forschung\/Institut f\u00fcr Theaterwissenschaft, Ruhr-Universit\u00e4t Bochum<\/li>\n<\/ul>\n\n\n\n<p><strong>Vortr\u00e4ge\/Podien<\/strong><\/p>\n\n\n\n<p><strong>2025<\/strong><\/p>\n\n\n\n<ul class=\"wp-block-list\">\n<li>\u201eDigitale antifaschistische Formate. Bildung zur Demokratie\u201c, gemeinsamer Vortrag mit Julia Bee im Rahmen der Ringvorlesung \u201ePositionen zur Postmigrantischen Gesellschaft\u201c, 21.01.2025, Ruhr-Universit\u00e4t Bochum<\/li>\n<\/ul>\n\n\n\n<p><strong>2024<\/strong><\/p>\n\n\n\n<ul class=\"wp-block-list\">\n<li>\u201eWie gestalten wir solidarisches Gedenken? Zur Aktualit\u00e4t multidirektionaler Erinnerung\u201c gemeinsames Podium mit Felix Axster und Jasmin Degeling am 23.11.2024, Nordpol, Dortmund<\/li>\n<\/ul>\n\n\n\n<ul class=\"wp-block-list\">\n<li>\u201eDas ist meine Stimme\u201c<em> \u2013 <\/em>Remediatisierung und Relationalit\u00e4t von (trans) M\u00e4nnlichkeiten in Neo H\u00fclckers <em>Breaking of the Voice<\/em>; gemeinsamer Vortrag mit Sarah Horn am13.11.2024 im Rahmen der Ringvorlesung \u201eKenough?! Filmische M\u00e4nnlichkeiten politisieren\u201c, Johannes Gutenberg-Universit\u00e4t Mainz<\/li>\n<\/ul>\n\n\n\n<ul class=\"wp-block-list\">\n<li>\u201eAnti-faschistischer Feminismus\u201c \u2013 gemeinsamer Workspace der AG Gender\/Queer Studies mit Sebastian Althoff, Jasmin Degeling, Josefine Hetterich, Sarah Horn, Francis Wagner, am 26.09.2024 im Rahmen der Jahrestagung der Gesellschaft f\u00fcr Medienwissenschaft, Johannes Gutenberg-Universit\u00e4t Mainz<\/li>\n<\/ul>\n\n\n\n<ul class=\"wp-block-list\">\n<li>\u201eKlimagerechtigkeit und Medienwissenschaft &#8211; wie versammeln wir uns?\u201c &#8211; gemeinsamer Workspace des AK Climate Media Justice mit Julia Bee, Azadeh Ganjeh, Gerko Egert, Matthias Grotkopp, Maike Reinerth, am 26.09.2024 im Rahmen der Jahrestagung der Gesellschaft f\u00fcr Medienwissenschaft, Johannes Gutenberg-Universit\u00e4t Mainz<\/li>\n<\/ul>\n\n\n\n<ul class=\"wp-block-list\">\n<li>\u201eK\u00f6rper-Erfahrung und\/als Medien-Technik \u2013 <em>Somatics <\/em>mit Gender\/Queer Media Studies denken\u201c, gehalten am 21.03.2024 im Rahmen des Film- und Fernsehwissenschaftlichen Kolloquiums, Goethe-Universit\u00e4t Frankfurt<\/li>\n<\/ul>\n\n\n\n<ul class=\"wp-block-list\">\n<li>\u201eViele sein, gebrochen bleiben Partitur und Performance als Medien queerer Selbstdokumentation bei Antonia Baehr, Neo H\u00fclcker und Henry Wilde.\u201c, gehalten am 26.04.2024 im Rahmen der Tagung \u201eAutofiktionalit\u00e4t in Theater, Tanz und Performance\u201c, Universit\u00e4t Wien.<\/li>\n<\/ul>\n\n\n\n<ul class=\"wp-block-list\">\n<li>\u201eFreiheit nur als Gespenst\u201c \u2013 Reflections on Scores, Queerness and (Self-)Documentation with Antonia Baehr and Boudry\/Lorenz\u201d, gehalten am 05.04.2024, im Rahmen des Symposiums <em>Documenting in Artistic Research<\/em>, Hochschule f\u00fcr K\u00fcnste Bremen.<\/li>\n<\/ul>\n\n\n\n<ul class=\"wp-block-list\">\n<li>\u201eK\u00f6rper-Erfahrung und\/als Medien-Technik \u2013 <em>Somatics <\/em>mit Gender\/Queer Media Studies denken\u201c, gehalten am 21.04.2024, im Rahmen des <em>37<\/em>. <em>Film und Fernsehwissenschaftlichen Kolloquiums<\/em>, Goethe-Universit\u00e4t Frankfurt am Main.<\/li>\n<\/ul>\n\n\n\n<p><strong>2023<\/strong><\/p>\n\n\n\n<ul class=\"wp-block-list\">\n<li>Syn\u00e4sthetische K\u00f6rper-(Re-) Konstellationen mit <em>Die H\u00f6rposaune<\/em>, gehalten am 17.06.2023; Vortrag im Rahmen der Tagung \u201emembra(I)nes\u201c, Jahrestagung der Fachgesellschaft Geschlechterstudien Leipzig\/Halle (Saale).<\/li>\n<\/ul>\n\n\n\n<ul class=\"wp-block-list\">\n<li>\u201eStimme, Score und Testosteron als Medien relationaler (trans*) M\u00e4nnlichkeit. Neo H\u00fclckers <em>Breaking of the Voice<\/em>\u201c mit Sarah Horn gemeinsam gehalten am 17.03.2023, im Rahmen der Tagung <em>Intersectional Masculinities in the Music and Performance Cultures of German-Speaking Europe<\/em>\u201c, Kunstuniversit\u00e4t Graz.<\/li>\n<\/ul>\n\n\n\n<ul class=\"wp-block-list\">\n<li>\u201eWas uns ins Spiel bringt. Was uns (nicht) h\u00e4lt.\u201c, mit Jasmin Degeling und Sarah Horn gemeinsam gehalten am 03.02.2023, im Rahmen des Workshops <em>Was auf dem Spiel steht. Gemeinsam Denken, Spekulieren, Begehren<\/em>. Abschiedsfeier f\u00fcr Astrid Deuber-Mankowsky, Kunstmuseum Bochum.<\/li>\n<\/ul>\n\n\n\n<p><strong>2022<\/strong><\/p>\n\n\n\n<ul class=\"wp-block-list\">\n<li>\u201eArbeiten mit Anderen: Kollektive &amp; kollaborative Arbeit\u201c, gehalten am 29.09.2022, im Rahmen der Jahrestagung der Gesellschaft f\u00fcr Medienwissenschaft, Martin-Luther-Universit\u00e4t Halle-Wittenberg.<\/li>\n\n\n\n<li>\u201eReparative Praktiken. Reparative Methoden\u201c, mit Jasmin Degeling gemeinsam gehalten am 14.05.2022 im Rahmen der Tagung <em>Kritik der Relationen<\/em> an der Bauhaus Universit\u00e4t Weimar.<\/li>\n<\/ul>\n\n\n\n<ul class=\"wp-block-list\">\n<li>\u201eAn Army of Housewives cannot loose. Nonidentity between women\u2019s film and queer\/feminist media practice\u201c, mit Sophie Holzberger gemeinsam via Zoom gehalten am 29.04.2022, im Rahmen der Tagung <em>Nonidentity. <\/em><em>Current Configurations in Critical Theories and Poetics <\/em>an der New York University, New York.<\/li>\n<\/ul>\n\n\n\n<p><strong>2021<\/strong><\/p>\n\n\n\n<ul class=\"wp-block-list\">\n<li>\u201eNicht um Aufkl\u00e4rung bem\u00fcht. Opazit\u00e4t und Erscheinung bei Boudry\/Lorenz\u201c, gehalten am 23.09.2021, im Rahmen der Jahrestagung der Gesellschaft f\u00fcr Medienwissenschaft, Universit\u00e4t Innsbruck.<\/li>\n<\/ul>\n\n\n\n<p><strong>2020<\/strong><\/p>\n\n\n\n<ul class=\"wp-block-list\">\n<li>\u201eLachen (ver-)lernen \u2013 mit Scores von Atnonia Baehr &amp; friends\u201c Beitrag im Rahmen des gemeinsamen Panels \u201eHow to\u2026learn! Performance, Youtube und Praxistipps\u201c, mit Marion Biet, Jana Hecktor, Sarah Lorbeer, Vera Mader, Anna Polze, Julia Reich, Tilman Richter, am 01.10.2020 im Rahmen der Jahrestagung der Gesellschaft f\u00fcr Medienwisenschaft, Ruhr-Universit\u00e4t Bochum<br><\/li>\n\n\n\n<li>\u201eQueere Kunst und Kollektivit\u00e4t \u2013 Mediale Verschr\u00e4nkungen zwischen Performance, und Dokumentation bei Antonia Baehr und Boudry Lorenz\u201c gehalten am 17.04.2020, im Rahmen von \u201eDIS(S)-CONNECT II \u2013 Wie Medien uns trennen und verbinden\u201c, videobasierter Doktorand*innen-Workshop, Universit\u00e4t Wien<\/li>\n<\/ul>\n\n\n\n<p><strong>2020 \u2013 2023<\/strong><\/p>\n\n\n\n<ul class=\"wp-block-list\">\n<li>Diverse Beitr\u00e4ge zu meiner Forschung in Workshops des Graduiertenkollegs \u201eDas Dokumentarische. Exzess und Entzug\u201c, unter anderem mit Juliane Vogel, Mario Wimmer, Peter Geimer und Maria Muhle.<\/li>\n<\/ul>\n\n\n\n<p><strong>Organisation von Veranstaltungen<\/strong><\/p>\n\n\n\n<ul class=\"wp-block-list\">\n<li>WiSe 2024\/25, \u201eDie Andere Seite der Pipeline. Extraktivistische Infrastrutkuren zwischen Ruhrgebiet, Ukraine und Sibirien\u201c, Gespr\u00e4chsformat mit Philipp Goll am 18.12.2024, Graduiertenkolleg \u201eDas Dokumentarische\u201c, Ruhr-Universit\u00e4t Bochum<\/li>\n<\/ul>\n\n\n\n<ul class=\"wp-block-list\">\n<li>WiSe 2024\/25, \u201eKlassismus und Academia: Forschung, Lehre, Biografie.\u201c, Vortrag und Workshop zum Thema Klassismus mit Francis Seeck, am 07. &amp; 08.11.2024, Graduiertenkolleg \u201eDas Dokumentarische\u201c, Ruhr-Universit\u00e4t Bochum<\/li>\n<\/ul>\n\n\n\n<ul class=\"wp-block-list\">\n<li>WiSe 2024\/25, \u201eDas Dokumentarische VI\u201c, Organisation der letzten Ringvorlesung des Graduiertenkollegs \u201eDas Dokumentarische, Ruhr-Universit\u00e4t Bochum<\/li>\n<\/ul>\n\n\n\n<ul class=\"wp-block-list\">\n<li>SoSe 2024, \u201eMaterialist Relationalities: Transgender Marxism &amp; Gender\/Queer Media Studies\u201c, Ko-Organisation des Workshops der AG Gender\/Queer Studies und Medienwissenschaft, am, 11. und 12. Juli 2024, Ruhr-Universit\u00e4t Bochum.<\/li>\n<\/ul>\n\n\n\n<ul class=\"wp-block-list\">\n<li>SoSe 2024, Retreat des Graduiertenkollegs \u201eDas Dokumentarische\u201c, Evangelische Akademie Tutzing, 27. \u2013 30.05.2024<\/li>\n<\/ul>\n\n\n\n<ul class=\"wp-block-list\">\n<li>SoSe 2024, \u201cResearch at Risk\u201c: Spring School: \u201eClimate Justice and Antifascist Futures\u201d, Ko-Organisation des interdisziplin\u00e4ren Workshops als Teil des als Mitglied des Arbeitskreises Climate Media Justice, Ruhr-Universit\u00e4t Bochum, 12.\u201314.04.2024<\/li>\n<\/ul>\n\n\n\n<ul class=\"wp-block-list\">\n<li>WS23\/23 &amp; SoSe23 Ringvorlesung <em>Research at Risk<\/em>. Ko-Organisation einer universit\u00e4ts\u00fcbergreifenden, internationalen Vortragsreihe mit Wissenschaftler_innen, die auf verschiedene Weise Gefahr\/Bedrohungen ausgesetzt sind als Mitglied des Arbeitskreises \u201cResearch at Risk\u201c.<\/li>\n\n\n\n<li>WS22\/23: \u201eFortschreiben? Stillstellen? Buchpr\u00e4sentation Text\\Werk. Lekt\u00fcren zu Hito Steyerl und Diskussion ihrer k\u00fcnstlerischen Praxis\u201c, Ko-Organisation der Veranstaltung gemeinsam mit dem Herausgeber_innen-Team im Rahmen der K21 Encounters, 20.01.2023<\/li>\n\n\n\n<li>SoSe 22: \u201eLeben\/Dokumentieren. Medien, \u00c4sthetik, Kritische Verlebendigung\u201c Ko-Organisation des Workshops mit Maria Muhle am Graduiertenkolleg \u201eDas Dokumentarische\u201c, 29. &amp; 30.06.2022<\/li>\n\n\n\n<li>WS 21\/22, SoSe22: Mitorganisation der Tagung Dokument<em>werden<\/em>, Jahrestagung des Graduiertenkollegs \u201eDas Dokumentarische\u201c im Kunstmuseum Bochum, 05.\u201307.05.2022<\/li>\n\n\n\n<li>WS 21\/22: \u201eCollaboration\/Documentation. Power and Aesthetics\u201d, gemeinsam mit Julia Schade und Marion Biet; Lesegruppe und Universit\u00e4ts\u00fcbergreifender Workshop mit Prof. Ryan Dohoney (Northwestern University, Evanston)<\/li>\n\n\n\n<li>SoSe 21: \u201eThe Identity Document and the Documentary Gesture: Notes from South Africa\u201d, Koordination von Promotionsstudierenden an der Northwestern University und der Ruhr-Universit\u00e4t f\u00fcr einen gemeinsamen Zoom-Workshop mit Rosalind Morris und Astrid Deuber-Mankowsky\u00a0<\/li>\n\n\n\n<li>WS 20\/21: \u201e<em>Text\\Werk. Lekt\u00fcreworkshop zu Hito Steyerl<\/em>\u201c, Konzeption und Organisation eines Online-Lekt\u00fcreworkshops; gemeinsam mit Carina Dauven, Jan Harms, Anna Polze, Julia Reich und Jolanda Wessel, in Kooperation mit der Kunstsammlung NRW anl\u00e4sslich der Ausstellung <em>Hito Steyerl. I will survive, <\/em>26.09.2020\u201310.01.2021, K21, D\u00fcsseldorf.<\/li>\n\n\n\n<li>WS 2019: \u201eAvantgarde und Faschismus\u201c, Mitarbeit an Organisation und Konzeption des studentischen Symposiums am Institut f\u00fcr Theaterwissenschaft, Ruhr-Universit\u00e4t, 15.02.2019.<\/li>\n<\/ul>\n\n\n\n<p><\/p>\n\n\n\n<h4 class=\"wp-block-heading\"><strong><u>Mitgliedschaften<\/u><\/strong><\/h4>\n\n\n\n<ul class=\"wp-block-list\">\n<li>Mitglied der Gesellschaft f\u00fcr Medienwissenschaft\n<ul class=\"wp-block-list\">\n<li>AG Gender\/Queer Studies und Medienwissenschaft<\/li>\n\n\n\n<li>AK Climate Media Justice<\/li>\n<\/ul>\n<\/li>\n\n\n\n<li>Mitglied des Forum Antirassismsus Medienwissenschaft<\/li>\n\n\n\n<li>Mitglied der Gesellschaft f\u00fcr Theaterwissenschaft<\/li>\n\n\n\n<li>Bis 2022: Mitglied des Performance Kollektivs dorisdean<\/li>\n<\/ul>\n\n\n\n<p><\/p>\n","protected":false},"excerpt":{"rendered":"<p>Universit\u00e4tsstr.&nbsp;10544789 BochumRaum:&nbsp;UNI 105, 3\/32 E-Mail: philipp.hohmann@ruhr-uni-bochum.de Titel der Dissertation Queere Kollektivit\u00e4t in den Arbeiten von Antonia Baehr und Boudry\/Lorenz: Medialit\u00e4t,<\/p>\n","protected":false},"author":49,"featured_media":0,"parent":6526,"menu_order":0,"comment_status":"closed","ping_status":"closed","template":"","meta":{"colormag_page_container_layout":"default_layout","colormag_page_sidebar_layout":"default_layout","_uag_custom_page_level_css":"","ngg_post_thumbnail":0,"footnotes":""},"class_list":["post-10904","page","type-page","status-publish","hentry"],"translation":{"provider":"WPGlobus","version":"3.0.2","language":"en","enabled_languages":["de","en"],"languages":{"de":{"title":true,"content":true,"excerpt":false},"en":{"title":false,"content":false,"excerpt":false}}},"yoast_head":"<!-- This site is optimized with the Yoast SEO plugin v27.5 - https:\/\/yoast.com\/product\/yoast-seo-wordpress\/ -->\n<title>Philipp Hohmann, M.A. (promoviert) - GRK Das Dokumentarische. Exzess und Entzug<\/title>\n<meta name=\"robots\" content=\"index, follow, max-snippet:-1, max-image-preview:large, max-video-preview:-1\" \/>\n<link rel=\"canonical\" href=\"https:\/\/das-dokumentarische.blogs.ruhr-uni-bochum.de\/koordination-administration\/philipp-hohmann-m-a\/\" \/>\n<meta property=\"og:locale\" content=\"en_US\" \/>\n<meta property=\"og:type\" content=\"article\" \/>\n<meta property=\"og:title\" content=\"Philipp Hohmann, M.A. (promoviert) - GRK Das Dokumentarische. Exzess und Entzug\" \/>\n<meta property=\"og:url\" content=\"https:\/\/das-dokumentarische.blogs.ruhr-uni-bochum.de\/koordination-administration\/philipp-hohmann-m-a\/\" \/>\n<meta property=\"og:site_name\" content=\"GRK Das Dokumentarische. Exzess und Entzug\" \/>\n<meta property=\"article:modified_time\" content=\"2024-11-28T08:35:54+00:00\" \/>\n<meta property=\"og:image\" content=\"https:\/\/das-dokumentarische.blogs.ruhr-uni-bochum.de\/wp-content\/uploads\/2020\/05\/hohmann_02_fin.jpg\" \/>\n\t<meta property=\"og:image:width\" content=\"674\" \/>\n\t<meta property=\"og:image:height\" content=\"674\" \/>\n\t<meta property=\"og:image:type\" content=\"image\/jpeg\" \/>\n<meta name=\"twitter:card\" content=\"summary_large_image\" \/>\n<meta name=\"twitter:label1\" content=\"Est. reading time\" \/>\n\t<meta name=\"twitter:data1\" content=\"11 minutes\" \/>\n<script type=\"application\/ld+json\" class=\"yoast-schema-graph\">{\"@context\":\"https:\\\/\\\/schema.org\",\"@graph\":[{\"@type\":\"WebPage\",\"@id\":\"https:\\\/\\\/das-dokumentarische.blogs.ruhr-uni-bochum.de\\\/koordination-administration\\\/philipp-hohmann-m-a\\\/\",\"url\":\"https:\\\/\\\/das-dokumentarische.blogs.ruhr-uni-bochum.de\\\/koordination-administration\\\/philipp-hohmann-m-a\\\/\",\"name\":\"Philipp Hohmann, M.A. (promoviert) - GRK Das Dokumentarische. Exzess und Entzug\",\"isPartOf\":{\"@id\":\"https:\\\/\\\/das-dokumentarische.blogs.ruhr-uni-bochum.de\\\/en\\\/#website\"},\"primaryImageOfPage\":{\"@id\":\"https:\\\/\\\/das-dokumentarische.blogs.ruhr-uni-bochum.de\\\/koordination-administration\\\/philipp-hohmann-m-a\\\/#primaryimage\"},\"image\":{\"@id\":\"https:\\\/\\\/das-dokumentarische.blogs.ruhr-uni-bochum.de\\\/koordination-administration\\\/philipp-hohmann-m-a\\\/#primaryimage\"},\"thumbnailUrl\":\"https:\\\/\\\/das-dokumentarische.blogs.ruhr-uni-bochum.de\\\/wp-content\\\/uploads\\\/2020\\\/05\\\/hohmann_02_fin.jpg\",\"datePublished\":\"2023-12-20T15:13:02+00:00\",\"dateModified\":\"2024-11-28T08:35:54+00:00\",\"breadcrumb\":{\"@id\":\"https:\\\/\\\/das-dokumentarische.blogs.ruhr-uni-bochum.de\\\/koordination-administration\\\/philipp-hohmann-m-a\\\/#breadcrumb\"},\"inLanguage\":\"en-US\",\"potentialAction\":[{\"@type\":\"ReadAction\",\"target\":[\"https:\\\/\\\/das-dokumentarische.blogs.ruhr-uni-bochum.de\\\/koordination-administration\\\/philipp-hohmann-m-a\\\/\"]}]},{\"@type\":\"ImageObject\",\"inLanguage\":\"en-US\",\"@id\":\"https:\\\/\\\/das-dokumentarische.blogs.ruhr-uni-bochum.de\\\/koordination-administration\\\/philipp-hohmann-m-a\\\/#primaryimage\",\"url\":\"https:\\\/\\\/das-dokumentarische.blogs.ruhr-uni-bochum.de\\\/wp-content\\\/uploads\\\/2020\\\/05\\\/hohmann_02_fin.jpg\",\"contentUrl\":\"https:\\\/\\\/das-dokumentarische.blogs.ruhr-uni-bochum.de\\\/wp-content\\\/uploads\\\/2020\\\/05\\\/hohmann_02_fin.jpg\"},{\"@type\":\"BreadcrumbList\",\"@id\":\"https:\\\/\\\/das-dokumentarische.blogs.ruhr-uni-bochum.de\\\/koordination-administration\\\/philipp-hohmann-m-a\\\/#breadcrumb\",\"itemListElement\":[{\"@type\":\"ListItem\",\"position\":1,\"name\":\"Startseite\",\"item\":\"https:\\\/\\\/das-dokumentarische.blogs.ruhr-uni-bochum.de\\\/en\\\/\"},{\"@type\":\"ListItem\",\"position\":2,\"name\":\"Koordination &#038; Administration\",\"item\":\"https:\\\/\\\/das-dokumentarische.blogs.ruhr-uni-bochum.de\\\/koordination-administration\\\/\"},{\"@type\":\"ListItem\",\"position\":3,\"name\":\"Philipp Hohmann, M.A. (promoviert)\"}]},{\"@type\":\"WebSite\",\"@id\":\"https:\\\/\\\/das-dokumentarische.blogs.ruhr-uni-bochum.de\\\/en\\\/#website\",\"url\":\"https:\\\/\\\/das-dokumentarische.blogs.ruhr-uni-bochum.de\\\/en\\\/\",\"name\":\"GRK Das Dokumentarische. Exzess und Entzug\",\"description\":\"\",\"potentialAction\":[{\"@type\":\"SearchAction\",\"target\":{\"@type\":\"EntryPoint\",\"urlTemplate\":\"https:\\\/\\\/das-dokumentarische.blogs.ruhr-uni-bochum.de\\\/en\\\/?s={search_term_string}\"},\"query-input\":{\"@type\":\"PropertyValueSpecification\",\"valueRequired\":true,\"valueName\":\"search_term_string\"}}],\"inLanguage\":\"en-US\"}]}<\/script>\n<!-- \/ Yoast SEO plugin. -->","yoast_head_json":{"title":"Philipp Hohmann, M.A. (promoviert) - GRK Das Dokumentarische. Exzess und Entzug","robots":{"index":"index","follow":"follow","max-snippet":"max-snippet:-1","max-image-preview":"max-image-preview:large","max-video-preview":"max-video-preview:-1"},"canonical":"https:\/\/das-dokumentarische.blogs.ruhr-uni-bochum.de\/koordination-administration\/philipp-hohmann-m-a\/","og_locale":"en_US","og_type":"article","og_title":"Philipp Hohmann, M.A. (promoviert) - GRK Das Dokumentarische. Exzess und Entzug","og_url":"https:\/\/das-dokumentarische.blogs.ruhr-uni-bochum.de\/koordination-administration\/philipp-hohmann-m-a\/","og_site_name":"GRK Das Dokumentarische. Exzess und Entzug","article_modified_time":"2024-11-28T08:35:54+00:00","og_image":[{"width":674,"height":674,"url":"https:\/\/das-dokumentarische.blogs.ruhr-uni-bochum.de\/wp-content\/uploads\/2020\/05\/hohmann_02_fin.jpg","type":"image\/jpeg"}],"twitter_card":"summary_large_image","twitter_misc":{"Est. reading time":"11 minutes"},"schema":{"@context":"https:\/\/schema.org","@graph":[{"@type":"WebPage","@id":"https:\/\/das-dokumentarische.blogs.ruhr-uni-bochum.de\/koordination-administration\/philipp-hohmann-m-a\/","url":"https:\/\/das-dokumentarische.blogs.ruhr-uni-bochum.de\/koordination-administration\/philipp-hohmann-m-a\/","name":"Philipp Hohmann, M.A. (promoviert) - GRK Das Dokumentarische. Exzess und Entzug","isPartOf":{"@id":"https:\/\/das-dokumentarische.blogs.ruhr-uni-bochum.de\/en\/#website"},"primaryImageOfPage":{"@id":"https:\/\/das-dokumentarische.blogs.ruhr-uni-bochum.de\/koordination-administration\/philipp-hohmann-m-a\/#primaryimage"},"image":{"@id":"https:\/\/das-dokumentarische.blogs.ruhr-uni-bochum.de\/koordination-administration\/philipp-hohmann-m-a\/#primaryimage"},"thumbnailUrl":"https:\/\/das-dokumentarische.blogs.ruhr-uni-bochum.de\/wp-content\/uploads\/2020\/05\/hohmann_02_fin.jpg","datePublished":"2023-12-20T15:13:02+00:00","dateModified":"2024-11-28T08:35:54+00:00","breadcrumb":{"@id":"https:\/\/das-dokumentarische.blogs.ruhr-uni-bochum.de\/koordination-administration\/philipp-hohmann-m-a\/#breadcrumb"},"inLanguage":"en-US","potentialAction":[{"@type":"ReadAction","target":["https:\/\/das-dokumentarische.blogs.ruhr-uni-bochum.de\/koordination-administration\/philipp-hohmann-m-a\/"]}]},{"@type":"ImageObject","inLanguage":"en-US","@id":"https:\/\/das-dokumentarische.blogs.ruhr-uni-bochum.de\/koordination-administration\/philipp-hohmann-m-a\/#primaryimage","url":"https:\/\/das-dokumentarische.blogs.ruhr-uni-bochum.de\/wp-content\/uploads\/2020\/05\/hohmann_02_fin.jpg","contentUrl":"https:\/\/das-dokumentarische.blogs.ruhr-uni-bochum.de\/wp-content\/uploads\/2020\/05\/hohmann_02_fin.jpg"},{"@type":"BreadcrumbList","@id":"https:\/\/das-dokumentarische.blogs.ruhr-uni-bochum.de\/koordination-administration\/philipp-hohmann-m-a\/#breadcrumb","itemListElement":[{"@type":"ListItem","position":1,"name":"Startseite","item":"https:\/\/das-dokumentarische.blogs.ruhr-uni-bochum.de\/en\/"},{"@type":"ListItem","position":2,"name":"Koordination &#038; Administration","item":"https:\/\/das-dokumentarische.blogs.ruhr-uni-bochum.de\/koordination-administration\/"},{"@type":"ListItem","position":3,"name":"Philipp Hohmann, M.A. (promoviert)"}]},{"@type":"WebSite","@id":"https:\/\/das-dokumentarische.blogs.ruhr-uni-bochum.de\/en\/#website","url":"https:\/\/das-dokumentarische.blogs.ruhr-uni-bochum.de\/en\/","name":"GRK Das Dokumentarische. Exzess und Entzug","description":"","potentialAction":[{"@type":"SearchAction","target":{"@type":"EntryPoint","urlTemplate":"https:\/\/das-dokumentarische.blogs.ruhr-uni-bochum.de\/en\/?s={search_term_string}"},"query-input":{"@type":"PropertyValueSpecification","valueRequired":true,"valueName":"search_term_string"}}],"inLanguage":"en-US"}]}},"uagb_featured_image_src":{"full":false,"thumbnail":false,"medium":false,"medium_large":false,"large":false,"1536x1536":false,"2048x2048":false,"ultp_layout_landscape_large":false,"ultp_layout_landscape":false,"ultp_layout_portrait":false,"ultp_layout_square":false,"colormag-highlighted-post":false,"colormag-featured-post-medium":false,"colormag-featured-post-small":false,"colormag-featured-image":false,"colormag-default-news":false,"colormag-featured-image-large":false},"uagb_author_info":{"display_name":"Maxi Wildenhues","author_link":"https:\/\/das-dokumentarische.blogs.ruhr-uni-bochum.de\/en\/author\/maxi-wildenhues\/"},"uagb_comment_info":0,"uagb_excerpt":"Universit\u00e4tsstr.&nbsp;10544789 BochumRaum:&nbsp;UNI 105, 3\/32 E-Mail: philipp.hohmann@ruhr-uni-bochum.de Titel der Dissertation Queere Kollektivit\u00e4t in den Arbeiten von Antonia Baehr und Boudry\/Lorenz: Medialit\u00e4t,","_links":{"self":[{"href":"https:\/\/das-dokumentarische.blogs.ruhr-uni-bochum.de\/en\/wp-json\/wp\/v2\/pages\/10904","targetHints":{"allow":["GET"]}}],"collection":[{"href":"https:\/\/das-dokumentarische.blogs.ruhr-uni-bochum.de\/en\/wp-json\/wp\/v2\/pages"}],"about":[{"href":"https:\/\/das-dokumentarische.blogs.ruhr-uni-bochum.de\/en\/wp-json\/wp\/v2\/types\/page"}],"author":[{"embeddable":true,"href":"https:\/\/das-dokumentarische.blogs.ruhr-uni-bochum.de\/en\/wp-json\/wp\/v2\/users\/49"}],"replies":[{"embeddable":true,"href":"https:\/\/das-dokumentarische.blogs.ruhr-uni-bochum.de\/en\/wp-json\/wp\/v2\/comments?post=10904"}],"version-history":[{"count":6,"href":"https:\/\/das-dokumentarische.blogs.ruhr-uni-bochum.de\/en\/wp-json\/wp\/v2\/pages\/10904\/revisions"}],"predecessor-version":[{"id":12119,"href":"https:\/\/das-dokumentarische.blogs.ruhr-uni-bochum.de\/en\/wp-json\/wp\/v2\/pages\/10904\/revisions\/12119"}],"up":[{"embeddable":true,"href":"https:\/\/das-dokumentarische.blogs.ruhr-uni-bochum.de\/en\/wp-json\/wp\/v2\/pages\/6526"}],"wp:attachment":[{"href":"https:\/\/das-dokumentarische.blogs.ruhr-uni-bochum.de\/en\/wp-json\/wp\/v2\/media?parent=10904"}],"curies":[{"name":"wp","href":"https:\/\/api.w.org\/{rel}","templated":true}]}}